{"id":189,"date":"2021-08-15T22:12:54","date_gmt":"2021-08-15T20:12:54","guid":{"rendered":"https:\/\/crater.cat\/?page_id=189"},"modified":"2024-03-18T10:56:00","modified_gmt":"2024-03-18T09:56:00","slug":"colleccions","status":"publish","type":"page","link":"https:\/\/crater.cat\/index.php\/colleccions\/","title":{"rendered":"Col\u00b7leccions"},"content":{"rendered":"<div class=\"wpb-content-wrapper\"><p>[vc_row][vc_column][vc_column_text]<\/p>\r\n<p><br \/>Les col\u00b7leccions d\u2019<strong>Edicions del Cr\u00e0ter<\/strong>\u00a0s\u00f3n:<\/p>\r\n\r\n<p><br \/><strong><a href=\"https:\/\/edicionscrater.live-website.com\/index.php\/renart\/\">Col\u00b7lecci\u00f3 Renart<\/a><\/strong>\u00a0de contes i relats curts:<\/p>\r\n<p>\u00a0<\/p>\r\n<div data-block-name=\"woocommerce\/product-category\" data-categories=\"[17]\" data-columns=\"6\" data-content-visibility=\"{&quot;image&quot;:true,&quot;title&quot;:false,&quot;price&quot;:false,&quot;rating&quot;:false,&quot;button&quot;:false}\" data-rows=\"1\" data-stock-status=\"[&quot;&quot;,&quot;instock&quot;,&quot;outofstock&quot;,&quot;onbackorder&quot;]\" class=\"wc-block-grid wp-block-product-category wp-block-woocommerce-product-category wc-block-product-category has-6-columns\"><ul class=\"wc-block-grid__products\"><li class=\"wc-block-grid__product\">\n\t\t\t\t<a href=\"https:\/\/crater.cat\/index.php\/producte\/3003\/\" class=\"wc-block-grid__product-link\">\n\t\t\t\t\t\n\t\t\t\t\t<div class=\"wc-block-grid__product-image\"><img loading=\"lazy\" decoding=\"async\" width=\"1288\" height=\"2048\" src=\"https:\/\/i0.wp.com\/crater.cat\/wp-content\/uploads\/2025\/03\/9-aaff_EL-SETGE-DE-SEBASTOPOL-scaled.webp?fit=1288%2C2048&amp;ssl=1\" class=\"attachment-woocommerce_thumbnail size-woocommerce_thumbnail\" alt=\"EL-SETGE-DE-SEBASTOPOL\" srcset=\"https:\/\/i0.wp.com\/crater.cat\/wp-content\/uploads\/2025\/03\/9-aaff_EL-SETGE-DE-SEBASTOPOL-scaled.webp?w=1288&amp;ssl=1 1288w, https:\/\/i0.wp.com\/crater.cat\/wp-content\/uploads\/2025\/03\/9-aaff_EL-SETGE-DE-SEBASTOPOL-scaled.webp?resize=189%2C300&amp;ssl=1 189w, https:\/\/i0.wp.com\/crater.cat\/wp-content\/uploads\/2025\/03\/9-aaff_EL-SETGE-DE-SEBASTOPOL-scaled.webp?resize=644%2C1024&amp;ssl=1 644w, https:\/\/i0.wp.com\/crater.cat\/wp-content\/uploads\/2025\/03\/9-aaff_EL-SETGE-DE-SEBASTOPOL-scaled.webp?resize=94%2C150&amp;ssl=1 94w, https:\/\/i0.wp.com\/crater.cat\/wp-content\/uploads\/2025\/03\/9-aaff_EL-SETGE-DE-SEBASTOPOL-scaled.webp?resize=768%2C1221&amp;ssl=1 768w, https:\/\/i0.wp.com\/crater.cat\/wp-content\/uploads\/2025\/03\/9-aaff_EL-SETGE-DE-SEBASTOPOL-scaled.webp?resize=966%2C1536&amp;ssl=1 966w\" sizes=\"auto, (max-width: 1100px) 100vw, 1100px\" data-attachment-id=\"3004\" data-permalink=\"https:\/\/crater.cat\/?attachment_id=3004\" data-orig-file=\"https:\/\/i0.wp.com\/crater.cat\/wp-content\/uploads\/2025\/03\/9-aaff_EL-SETGE-DE-SEBASTOPOL-scaled.webp?fit=1288%2C2048&amp;ssl=1\" data-orig-size=\"1288,2048\" data-comments-opened=\"0\" data-image-meta=\"{&quot;aperture&quot;:&quot;0&quot;,&quot;credit&quot;:&quot;&quot;,&quot;camera&quot;:&quot;&quot;,&quot;caption&quot;:&quot;&quot;,&quot;created_timestamp&quot;:&quot;0&quot;,&quot;copyright&quot;:&quot;&quot;,&quot;focal_length&quot;:&quot;0&quot;,&quot;iso&quot;:&quot;0&quot;,&quot;shutter_speed&quot;:&quot;0&quot;,&quot;title&quot;:&quot;&quot;,&quot;orientation&quot;:&quot;0&quot;}\" data-image-title=\"EL-SETGE-DE-SEBASTOPOL\" data-image-description=\"&lt;p&gt;EL-SETGE-DE-SEBASTOPOL&lt;\/p&gt;\n\" data-image-caption=\"&lt;p&gt;EL-SETGE-DE-SEBASTOPOL&lt;\/p&gt;\n\" data-large-file=\"https:\/\/i0.wp.com\/crater.cat\/wp-content\/uploads\/2025\/03\/9-aaff_EL-SETGE-DE-SEBASTOPOL-scaled.webp?fit=644%2C1024&amp;ssl=1\" \/><\/div>\n\t\t\t\t\t\n\t\t\t\t<\/a>\n\t\t\t\t\n\t\t\t\t\n\t\t\t\t\n\t\t\t<\/li><li class=\"wc-block-grid__product\">\n\t\t\t\t<a href=\"https:\/\/crater.cat\/index.php\/producte\/onnagata-i-altres-contes\/\" class=\"wc-block-grid__product-link\">\n\t\t\t\t\t\n\t\t\t\t\t<div class=\"wc-block-grid__product-image\"><img loading=\"lazy\" decoding=\"async\" width=\"720\" height=\"1146\" src=\"https:\/\/i0.wp.com\/crater.cat\/wp-content\/uploads\/2024\/10\/8-COBERTA-ONNAGATA_webp.webp?fit=720%2C1146&amp;ssl=1\" class=\"attachment-woocommerce_thumbnail size-woocommerce_thumbnail\" alt=\"Onnagata i altres contes Mishima\" srcset=\"https:\/\/i0.wp.com\/crater.cat\/wp-content\/uploads\/2024\/10\/8-COBERTA-ONNAGATA_webp.webp?w=720&amp;ssl=1 720w, https:\/\/i0.wp.com\/crater.cat\/wp-content\/uploads\/2024\/10\/8-COBERTA-ONNAGATA_webp.webp?resize=188%2C300&amp;ssl=1 188w, https:\/\/i0.wp.com\/crater.cat\/wp-content\/uploads\/2024\/10\/8-COBERTA-ONNAGATA_webp.webp?resize=643%2C1024&amp;ssl=1 643w, https:\/\/i0.wp.com\/crater.cat\/wp-content\/uploads\/2024\/10\/8-COBERTA-ONNAGATA_webp.webp?resize=94%2C150&amp;ssl=1 94w\" sizes=\"auto, (max-width: 720px) 100vw, 720px\" data-attachment-id=\"2732\" data-permalink=\"https:\/\/crater.cat\/?attachment_id=2732\" data-orig-file=\"https:\/\/i0.wp.com\/crater.cat\/wp-content\/uploads\/2024\/10\/8-COBERTA-ONNAGATA_webp.webp?fit=720%2C1146&amp;ssl=1\" data-orig-size=\"720,1146\" data-comments-opened=\"0\" data-image-meta=\"{&quot;aperture&quot;:&quot;0&quot;,&quot;credit&quot;:&quot;&quot;,&quot;camera&quot;:&quot;&quot;,&quot;caption&quot;:&quot;&quot;,&quot;created_timestamp&quot;:&quot;0&quot;,&quot;copyright&quot;:&quot;&quot;,&quot;focal_length&quot;:&quot;0&quot;,&quot;iso&quot;:&quot;0&quot;,&quot;shutter_speed&quot;:&quot;0&quot;,&quot;title&quot;:&quot;&quot;,&quot;orientation&quot;:&quot;0&quot;}\" data-image-title=\"Onnagata i altres contes Mishima\" data-image-description=\"&lt;p&gt;Onnagata i altres contes Mishima&lt;\/p&gt;\n\" data-image-caption=\"\" data-large-file=\"https:\/\/i0.wp.com\/crater.cat\/wp-content\/uploads\/2024\/10\/8-COBERTA-ONNAGATA_webp.webp?fit=643%2C1024&amp;ssl=1\" \/><\/div>\n\t\t\t\t\t\n\t\t\t\t<\/a>\n\t\t\t\t\n\t\t\t\t\n\t\t\t\t\n\t\t\t<\/li><li class=\"wc-block-grid__product\">\n\t\t\t\t<a href=\"https:\/\/crater.cat\/index.php\/producte\/pinya-de-rosa\/\" class=\"wc-block-grid__product-link\">\n\t\t\t\t\t\n\t\t\t\t\t<div class=\"wc-block-grid__product-image\"><img loading=\"lazy\" decoding=\"async\" width=\"1441\" height=\"2291\" src=\"https:\/\/i0.wp.com\/crater.cat\/wp-content\/uploads\/2024\/02\/FRONTAL_PINYA_DE_ROSA_Ombra.webp?fit=1441%2C2291&amp;ssl=1\" class=\"attachment-woocommerce_thumbnail size-woocommerce_thumbnail\" alt=\"PINYA_DE_ROSA\" srcset=\"https:\/\/i0.wp.com\/crater.cat\/wp-content\/uploads\/2024\/02\/FRONTAL_PINYA_DE_ROSA_Ombra.webp?w=1441&amp;ssl=1 1441w, https:\/\/i0.wp.com\/crater.cat\/wp-content\/uploads\/2024\/02\/FRONTAL_PINYA_DE_ROSA_Ombra.webp?resize=189%2C300&amp;ssl=1 189w, https:\/\/i0.wp.com\/crater.cat\/wp-content\/uploads\/2024\/02\/FRONTAL_PINYA_DE_ROSA_Ombra.webp?resize=644%2C1024&amp;ssl=1 644w, https:\/\/i0.wp.com\/crater.cat\/wp-content\/uploads\/2024\/02\/FRONTAL_PINYA_DE_ROSA_Ombra.webp?resize=94%2C150&amp;ssl=1 94w, https:\/\/i0.wp.com\/crater.cat\/wp-content\/uploads\/2024\/02\/FRONTAL_PINYA_DE_ROSA_Ombra.webp?resize=768%2C1221&amp;ssl=1 768w, https:\/\/i0.wp.com\/crater.cat\/wp-content\/uploads\/2024\/02\/FRONTAL_PINYA_DE_ROSA_Ombra.webp?resize=966%2C1536&amp;ssl=1 966w, https:\/\/i0.wp.com\/crater.cat\/wp-content\/uploads\/2024\/02\/FRONTAL_PINYA_DE_ROSA_Ombra.webp?resize=1288%2C2048&amp;ssl=1 1288w\" sizes=\"auto, (max-width: 1100px) 100vw, 1100px\" data-attachment-id=\"2001\" data-permalink=\"https:\/\/crater.cat\/?attachment_id=2001\" data-orig-file=\"https:\/\/i0.wp.com\/crater.cat\/wp-content\/uploads\/2024\/02\/FRONTAL_PINYA_DE_ROSA_Ombra.webp?fit=1441%2C2291&amp;ssl=1\" data-orig-size=\"1441,2291\" data-comments-opened=\"1\" data-image-meta=\"{&quot;aperture&quot;:&quot;0&quot;,&quot;credit&quot;:&quot;&quot;,&quot;camera&quot;:&quot;&quot;,&quot;caption&quot;:&quot;&quot;,&quot;created_timestamp&quot;:&quot;0&quot;,&quot;copyright&quot;:&quot;&quot;,&quot;focal_length&quot;:&quot;0&quot;,&quot;iso&quot;:&quot;0&quot;,&quot;shutter_speed&quot;:&quot;0&quot;,&quot;title&quot;:&quot;&quot;,&quot;orientation&quot;:&quot;0&quot;}\" data-image-title=\"FRONTAL_PINYA_DE_ROSA_Ombra\" data-image-description=\"&lt;p&gt;PINYA_DE_ROSA Marines i boscatges&lt;\/p&gt;\n\" data-image-caption=\"&lt;p&gt;PINYA_DE_ROSA&lt;\/p&gt;\n\" data-large-file=\"https:\/\/i0.wp.com\/crater.cat\/wp-content\/uploads\/2024\/02\/FRONTAL_PINYA_DE_ROSA_Ombra.webp?fit=644%2C1024&amp;ssl=1\" \/><\/div>\n\t\t\t\t\t\n\t\t\t\t<\/a>\n\t\t\t\t\n\t\t\t\t\n\t\t\t\t\n\t\t\t<\/li><li class=\"wc-block-grid__product\">\n\t\t\t\t<a href=\"https:\/\/crater.cat\/index.php\/producte\/el-mar-no-banya-napols\/\" class=\"wc-block-grid__product-link\">\n\t\t\t\t\t\n\t\t\t\t\t<div class=\"wc-block-grid__product-image\"><img loading=\"lazy\" decoding=\"async\" width=\"720\" height=\"1146\" src=\"https:\/\/i0.wp.com\/crater.cat\/wp-content\/uploads\/2024\/03\/COBERTA-MAR-NO-BANYA-NAPOLS-baixa-webp.webp?fit=720%2C1146&amp;ssl=1\" class=\"attachment-woocommerce_thumbnail size-woocommerce_thumbnail\" alt=\"Ortese - El mar no banya N\u00e0pols\" srcset=\"https:\/\/i0.wp.com\/crater.cat\/wp-content\/uploads\/2024\/03\/COBERTA-MAR-NO-BANYA-NAPOLS-baixa-webp.webp?w=720&amp;ssl=1 720w, https:\/\/i0.wp.com\/crater.cat\/wp-content\/uploads\/2024\/03\/COBERTA-MAR-NO-BANYA-NAPOLS-baixa-webp.webp?resize=188%2C300&amp;ssl=1 188w, https:\/\/i0.wp.com\/crater.cat\/wp-content\/uploads\/2024\/03\/COBERTA-MAR-NO-BANYA-NAPOLS-baixa-webp.webp?resize=643%2C1024&amp;ssl=1 643w, https:\/\/i0.wp.com\/crater.cat\/wp-content\/uploads\/2024\/03\/COBERTA-MAR-NO-BANYA-NAPOLS-baixa-webp.webp?resize=94%2C150&amp;ssl=1 94w\" sizes=\"auto, (max-width: 720px) 100vw, 720px\" data-attachment-id=\"2051\" data-permalink=\"https:\/\/crater.cat\/coberta-mar-no-banya-napols-baixa-webp\/\" data-orig-file=\"https:\/\/i0.wp.com\/crater.cat\/wp-content\/uploads\/2024\/03\/COBERTA-MAR-NO-BANYA-NAPOLS-baixa-webp.webp?fit=720%2C1146&amp;ssl=1\" data-orig-size=\"720,1146\" data-comments-opened=\"1\" data-image-meta=\"{&quot;aperture&quot;:&quot;0&quot;,&quot;credit&quot;:&quot;&quot;,&quot;camera&quot;:&quot;&quot;,&quot;caption&quot;:&quot;&quot;,&quot;created_timestamp&quot;:&quot;0&quot;,&quot;copyright&quot;:&quot;&quot;,&quot;focal_length&quot;:&quot;0&quot;,&quot;iso&quot;:&quot;0&quot;,&quot;shutter_speed&quot;:&quot;0&quot;,&quot;title&quot;:&quot;&quot;,&quot;orientation&quot;:&quot;0&quot;}\" data-image-title=\"Ortese &amp;#8211; El mar no banya N\u00e0pols\" data-image-description=\"&lt;p&gt;Ortese &amp;#8211; El mar no banya N\u00e0pols&lt;\/p&gt;\n\" data-image-caption=\"&lt;p&gt;Ortese &amp;#8211; El mar no banya N\u00e0pols&lt;\/p&gt;\n\" data-large-file=\"https:\/\/i0.wp.com\/crater.cat\/wp-content\/uploads\/2024\/03\/COBERTA-MAR-NO-BANYA-NAPOLS-baixa-webp.webp?fit=643%2C1024&amp;ssl=1\" \/><\/div>\n\t\t\t\t\t\n\t\t\t\t<\/a>\n\t\t\t\t\n\t\t\t\t\n\t\t\t\t\n\t\t\t<\/li><li class=\"wc-block-grid__product\">\n\t\t\t\t<a href=\"https:\/\/crater.cat\/index.php\/producte\/el-trente-any\/\" class=\"wc-block-grid__product-link\">\n\t\t\t\t\t\n\t\t\t\t\t<div class=\"wc-block-grid__product-image\"><img loading=\"lazy\" decoding=\"async\" width=\"720\" height=\"1145\" src=\"https:\/\/i0.wp.com\/crater.cat\/wp-content\/uploads\/2023\/03\/COBERTA-EL-TRENTE-ANY-baixa-webp.webp?fit=720%2C1145&amp;ssl=1\" class=\"attachment-woocommerce_thumbnail size-woocommerce_thumbnail\" alt=\"Ingeborg Bachmann - El trent\u00e8 any\" srcset=\"https:\/\/i0.wp.com\/crater.cat\/wp-content\/uploads\/2023\/03\/COBERTA-EL-TRENTE-ANY-baixa-webp.webp?w=720&amp;ssl=1 720w, https:\/\/i0.wp.com\/crater.cat\/wp-content\/uploads\/2023\/03\/COBERTA-EL-TRENTE-ANY-baixa-webp.webp?resize=189%2C300&amp;ssl=1 189w, https:\/\/i0.wp.com\/crater.cat\/wp-content\/uploads\/2023\/03\/COBERTA-EL-TRENTE-ANY-baixa-webp.webp?resize=644%2C1024&amp;ssl=1 644w, https:\/\/i0.wp.com\/crater.cat\/wp-content\/uploads\/2023\/03\/COBERTA-EL-TRENTE-ANY-baixa-webp.webp?resize=94%2C150&amp;ssl=1 94w\" sizes=\"auto, (max-width: 720px) 100vw, 720px\" data-attachment-id=\"2052\" data-permalink=\"https:\/\/crater.cat\/?attachment_id=2052\" data-orig-file=\"https:\/\/i0.wp.com\/crater.cat\/wp-content\/uploads\/2023\/03\/COBERTA-EL-TRENTE-ANY-baixa-webp.webp?fit=720%2C1145&amp;ssl=1\" data-orig-size=\"720,1145\" data-comments-opened=\"1\" data-image-meta=\"{&quot;aperture&quot;:&quot;0&quot;,&quot;credit&quot;:&quot;&quot;,&quot;camera&quot;:&quot;&quot;,&quot;caption&quot;:&quot;&quot;,&quot;created_timestamp&quot;:&quot;0&quot;,&quot;copyright&quot;:&quot;&quot;,&quot;focal_length&quot;:&quot;0&quot;,&quot;iso&quot;:&quot;0&quot;,&quot;shutter_speed&quot;:&quot;0&quot;,&quot;title&quot;:&quot;&quot;,&quot;orientation&quot;:&quot;0&quot;}\" data-image-title=\"Ingeborg Bachmann &amp;#8211; El trent\u00e8 any\" data-image-description=\"&lt;p&gt;Ingeborg Bachmann &amp;#8211; El trent\u00e8 any&lt;\/p&gt;\n\" data-image-caption=\"&lt;p&gt;Ingeborg Bachmann &amp;#8211; El trent\u00e8 any&lt;\/p&gt;\n\" data-large-file=\"https:\/\/i0.wp.com\/crater.cat\/wp-content\/uploads\/2023\/03\/COBERTA-EL-TRENTE-ANY-baixa-webp.webp?fit=644%2C1024&amp;ssl=1\" \/><\/div>\n\t\t\t\t\t\n\t\t\t\t<\/a>\n\t\t\t\t\n\t\t\t\t\n\t\t\t\t\n\t\t\t<\/li><li class=\"wc-block-grid__product\">\n\t\t\t\t<a href=\"https:\/\/crater.cat\/index.php\/producte\/en-el-nostre-temps\/\" class=\"wc-block-grid__product-link\">\n\t\t\t\t\t\n\t\t\t\t\t<div class=\"wc-block-grid__product-image\"><img loading=\"lazy\" decoding=\"async\" width=\"720\" height=\"1145\" src=\"https:\/\/i0.wp.com\/crater.cat\/wp-content\/uploads\/2022\/09\/COBERTA-EN-EL-NOSTRE-TEMPS_baixa-webp.webp?fit=720%2C1145&amp;ssl=1\" class=\"attachment-woocommerce_thumbnail size-woocommerce_thumbnail\" alt=\"Hemingway - En el nostre temps\" srcset=\"https:\/\/i0.wp.com\/crater.cat\/wp-content\/uploads\/2022\/09\/COBERTA-EN-EL-NOSTRE-TEMPS_baixa-webp.webp?w=720&amp;ssl=1 720w, https:\/\/i0.wp.com\/crater.cat\/wp-content\/uploads\/2022\/09\/COBERTA-EN-EL-NOSTRE-TEMPS_baixa-webp.webp?resize=189%2C300&amp;ssl=1 189w, https:\/\/i0.wp.com\/crater.cat\/wp-content\/uploads\/2022\/09\/COBERTA-EN-EL-NOSTRE-TEMPS_baixa-webp.webp?resize=644%2C1024&amp;ssl=1 644w, https:\/\/i0.wp.com\/crater.cat\/wp-content\/uploads\/2022\/09\/COBERTA-EN-EL-NOSTRE-TEMPS_baixa-webp.webp?resize=94%2C150&amp;ssl=1 94w\" sizes=\"auto, (max-width: 720px) 100vw, 720px\" data-attachment-id=\"2054\" data-permalink=\"https:\/\/crater.cat\/?attachment_id=2054\" data-orig-file=\"https:\/\/i0.wp.com\/crater.cat\/wp-content\/uploads\/2022\/09\/COBERTA-EN-EL-NOSTRE-TEMPS_baixa-webp.webp?fit=720%2C1145&amp;ssl=1\" data-orig-size=\"720,1145\" data-comments-opened=\"1\" data-image-meta=\"{&quot;aperture&quot;:&quot;0&quot;,&quot;credit&quot;:&quot;&quot;,&quot;camera&quot;:&quot;&quot;,&quot;caption&quot;:&quot;&quot;,&quot;created_timestamp&quot;:&quot;0&quot;,&quot;copyright&quot;:&quot;&quot;,&quot;focal_length&quot;:&quot;0&quot;,&quot;iso&quot;:&quot;0&quot;,&quot;shutter_speed&quot;:&quot;0&quot;,&quot;title&quot;:&quot;&quot;,&quot;orientation&quot;:&quot;0&quot;}\" data-image-title=\"Hemingway &amp;#8211; En el nostre temps\" data-image-description=\"&lt;p&gt;Hemingway &amp;#8211; En el nostre temps&lt;\/p&gt;\n\" data-image-caption=\"&lt;p&gt;Hemingway &amp;#8211; En el nostre temps&lt;\/p&gt;\n\" data-large-file=\"https:\/\/i0.wp.com\/crater.cat\/wp-content\/uploads\/2022\/09\/COBERTA-EN-EL-NOSTRE-TEMPS_baixa-webp.webp?fit=644%2C1024&amp;ssl=1\" \/><\/div>\n\t\t\t\t\t\n\t\t\t\t<\/a>\n\t\t\t\t\n\t\t\t\t\n\t\t\t\t\n\t\t\t<\/li><\/ul><\/div>\r\n<p><br \/><strong><a href=\"https:\/\/edicionscrater.live-website.com\/index.php\/magnetar\/\">Col\u00b7lecci\u00f3 Magnetar<\/a><\/strong>\u00a0d\u2019escrits autobiogr\u00e0fics (cartes, diaris, cr\u00f2niques, viatges i novel\u00b7les autobiogr\u00e0fiques):<\/p>\r\n<p>\u00a0<\/p>\r\n<div data-block-name=\"woocommerce\/product-category\" data-categories=\"[21]\" data-columns=\"6\" data-content-visibility=\"{&quot;image&quot;:true,&quot;title&quot;:false,&quot;price&quot;:false,&quot;rating&quot;:false,&quot;button&quot;:false}\" class=\"wc-block-grid wp-block-product-category wp-block-woocommerce-product-category wc-block-product-category has-6-columns has-multiple-rows\"><ul class=\"wc-block-grid__products\"><li class=\"wc-block-grid__product\">\n\t\t\t\t<a href=\"https:\/\/crater.cat\/index.php\/producte\/cartes-1867-1881\/\" class=\"wc-block-grid__product-link\">\n\t\t\t\t\t\n\t\t\t\t\t<div class=\"wc-block-grid__product-image\"><img loading=\"lazy\" decoding=\"async\" width=\"1287\" height=\"2048\" src=\"https:\/\/i0.wp.com\/crater.cat\/wp-content\/uploads\/2026\/04\/9-CARTES2_COBERTA_AAFF-scaled.jpg?fit=1287%2C2048&amp;ssl=1\" class=\"attachment-woocommerce_thumbnail size-woocommerce_thumbnail\" alt=\"Cartes (1867-1881)\" srcset=\"https:\/\/i0.wp.com\/crater.cat\/wp-content\/uploads\/2026\/04\/9-CARTES2_COBERTA_AAFF-scaled.jpg?w=1287&amp;ssl=1 1287w, https:\/\/i0.wp.com\/crater.cat\/wp-content\/uploads\/2026\/04\/9-CARTES2_COBERTA_AAFF-scaled.jpg?resize=189%2C300&amp;ssl=1 189w, https:\/\/i0.wp.com\/crater.cat\/wp-content\/uploads\/2026\/04\/9-CARTES2_COBERTA_AAFF-scaled.jpg?resize=644%2C1024&amp;ssl=1 644w, https:\/\/i0.wp.com\/crater.cat\/wp-content\/uploads\/2026\/04\/9-CARTES2_COBERTA_AAFF-scaled.jpg?resize=94%2C150&amp;ssl=1 94w, https:\/\/i0.wp.com\/crater.cat\/wp-content\/uploads\/2026\/04\/9-CARTES2_COBERTA_AAFF-scaled.jpg?resize=768%2C1222&amp;ssl=1 768w, https:\/\/i0.wp.com\/crater.cat\/wp-content\/uploads\/2026\/04\/9-CARTES2_COBERTA_AAFF-scaled.jpg?resize=966%2C1536&amp;ssl=1 966w\" sizes=\"auto, (max-width: 1100px) 100vw, 1100px\" data-attachment-id=\"5508\" data-permalink=\"https:\/\/crater.cat\/?attachment_id=5508\" data-orig-file=\"https:\/\/i0.wp.com\/crater.cat\/wp-content\/uploads\/2026\/04\/9-CARTES2_COBERTA_AAFF-scaled.jpg?fit=1287%2C2048&amp;ssl=1\" data-orig-size=\"1287,2048\" data-comments-opened=\"0\" data-image-meta=\"{&quot;aperture&quot;:&quot;0&quot;,&quot;credit&quot;:&quot;&quot;,&quot;camera&quot;:&quot;&quot;,&quot;caption&quot;:&quot;&quot;,&quot;created_timestamp&quot;:&quot;0&quot;,&quot;copyright&quot;:&quot;&quot;,&quot;focal_length&quot;:&quot;0&quot;,&quot;iso&quot;:&quot;0&quot;,&quot;shutter_speed&quot;:&quot;0&quot;,&quot;title&quot;:&quot;&quot;,&quot;orientation&quot;:&quot;0&quot;}\" data-image-title=\"9 CARTES2_COBERTA_AAFF\" data-image-description=\"\" data-image-caption=\"\" data-large-file=\"https:\/\/i0.wp.com\/crater.cat\/wp-content\/uploads\/2026\/04\/9-CARTES2_COBERTA_AAFF-scaled.jpg?fit=644%2C1024&amp;ssl=1\" \/><\/div>\n\t\t\t\t\t\n\t\t\t\t<\/a>\n\t\t\t\t\n\t\t\t\t\n\t\t\t\t\n\t\t\t<\/li><li class=\"wc-block-grid__product\">\n\t\t\t\t<a href=\"https:\/\/crater.cat\/index.php\/producte\/carta-oberta-a-salvador-dali\/\" class=\"wc-block-grid__product-link\">\n\t\t\t\t\t\n\t\t\t\t\t<div class=\"wc-block-grid__product-image\"><img loading=\"lazy\" decoding=\"async\" width=\"800\" height=\"1272\" src=\"https:\/\/i0.wp.com\/crater.cat\/wp-content\/uploads\/2025\/12\/9788412828672cartaobertaasalvadordali.jpg?fit=800%2C1272&amp;ssl=1\" class=\"attachment-woocommerce_thumbnail size-woocommerce_thumbnail\" alt=\"salvador-dal\u00ed\" srcset=\"https:\/\/i0.wp.com\/crater.cat\/wp-content\/uploads\/2025\/12\/9788412828672cartaobertaasalvadordali.jpg?w=800&amp;ssl=1 800w, https:\/\/i0.wp.com\/crater.cat\/wp-content\/uploads\/2025\/12\/9788412828672cartaobertaasalvadordali.jpg?resize=189%2C300&amp;ssl=1 189w, https:\/\/i0.wp.com\/crater.cat\/wp-content\/uploads\/2025\/12\/9788412828672cartaobertaasalvadordali.jpg?resize=644%2C1024&amp;ssl=1 644w, https:\/\/i0.wp.com\/crater.cat\/wp-content\/uploads\/2025\/12\/9788412828672cartaobertaasalvadordali.jpg?resize=94%2C150&amp;ssl=1 94w, https:\/\/i0.wp.com\/crater.cat\/wp-content\/uploads\/2025\/12\/9788412828672cartaobertaasalvadordali.jpg?resize=768%2C1221&amp;ssl=1 768w\" sizes=\"auto, (max-width: 800px) 100vw, 800px\" data-attachment-id=\"4216\" data-permalink=\"https:\/\/crater.cat\/?attachment_id=4216\" data-orig-file=\"https:\/\/i0.wp.com\/crater.cat\/wp-content\/uploads\/2025\/12\/9788412828672cartaobertaasalvadordali.jpg?fit=800%2C1272&amp;ssl=1\" data-orig-size=\"800,1272\" data-comments-opened=\"0\" data-image-meta=\"{&quot;aperture&quot;:&quot;0&quot;,&quot;credit&quot;:&quot;&quot;,&quot;camera&quot;:&quot;&quot;,&quot;caption&quot;:&quot;&quot;,&quot;created_timestamp&quot;:&quot;0&quot;,&quot;copyright&quot;:&quot;&quot;,&quot;focal_length&quot;:&quot;0&quot;,&quot;iso&quot;:&quot;0&quot;,&quot;shutter_speed&quot;:&quot;0&quot;,&quot;title&quot;:&quot;&quot;,&quot;orientation&quot;:&quot;1&quot;}\" data-image-title=\"9788412828672cartaobertaasalvadordali\" data-image-description=\"\" data-image-caption=\"\" data-large-file=\"https:\/\/i0.wp.com\/crater.cat\/wp-content\/uploads\/2025\/12\/9788412828672cartaobertaasalvadordali.jpg?fit=644%2C1024&amp;ssl=1\" \/><\/div>\n\t\t\t\t\t\n\t\t\t\t<\/a>\n\t\t\t\t\n\t\t\t\t\n\t\t\t\t\n\t\t\t<\/li><li class=\"wc-block-grid__product\">\n\t\t\t\t<a href=\"https:\/\/crater.cat\/index.php\/producte\/deu-anys-dexili\/\" class=\"wc-block-grid__product-link\">\n\t\t\t\t\t\n\t\t\t\t\t<div class=\"wc-block-grid__product-image\"><img loading=\"lazy\" decoding=\"async\" width=\"1287\" height=\"2048\" src=\"https:\/\/i0.wp.com\/crater.cat\/wp-content\/uploads\/2025\/11\/8-v2_COB_DEU-ANYS-DEXILI-Mdme-de-Stael-1-scaled.jpg?fit=1287%2C2048&amp;ssl=1\" class=\"attachment-woocommerce_thumbnail size-woocommerce_thumbnail\" alt=\"Deu anys d&#039;exili\" srcset=\"https:\/\/i0.wp.com\/crater.cat\/wp-content\/uploads\/2025\/11\/8-v2_COB_DEU-ANYS-DEXILI-Mdme-de-Stael-1-scaled.jpg?w=1287&amp;ssl=1 1287w, https:\/\/i0.wp.com\/crater.cat\/wp-content\/uploads\/2025\/11\/8-v2_COB_DEU-ANYS-DEXILI-Mdme-de-Stael-1-scaled.jpg?resize=189%2C300&amp;ssl=1 189w, https:\/\/i0.wp.com\/crater.cat\/wp-content\/uploads\/2025\/11\/8-v2_COB_DEU-ANYS-DEXILI-Mdme-de-Stael-1-scaled.jpg?resize=644%2C1024&amp;ssl=1 644w, https:\/\/i0.wp.com\/crater.cat\/wp-content\/uploads\/2025\/11\/8-v2_COB_DEU-ANYS-DEXILI-Mdme-de-Stael-1-scaled.jpg?resize=94%2C150&amp;ssl=1 94w, https:\/\/i0.wp.com\/crater.cat\/wp-content\/uploads\/2025\/11\/8-v2_COB_DEU-ANYS-DEXILI-Mdme-de-Stael-1-scaled.jpg?resize=768%2C1222&amp;ssl=1 768w, https:\/\/i0.wp.com\/crater.cat\/wp-content\/uploads\/2025\/11\/8-v2_COB_DEU-ANYS-DEXILI-Mdme-de-Stael-1-scaled.jpg?resize=966%2C1536&amp;ssl=1 966w\" sizes=\"auto, (max-width: 1100px) 100vw, 1100px\" data-attachment-id=\"3999\" data-permalink=\"https:\/\/crater.cat\/?attachment_id=3999\" data-orig-file=\"https:\/\/i0.wp.com\/crater.cat\/wp-content\/uploads\/2025\/11\/8-v2_COB_DEU-ANYS-DEXILI-Mdme-de-Stael-1-scaled.jpg?fit=1287%2C2048&amp;ssl=1\" data-orig-size=\"1287,2048\" data-comments-opened=\"0\" data-image-meta=\"{&quot;aperture&quot;:&quot;0&quot;,&quot;credit&quot;:&quot;&quot;,&quot;camera&quot;:&quot;&quot;,&quot;caption&quot;:&quot;&quot;,&quot;created_timestamp&quot;:&quot;0&quot;,&quot;copyright&quot;:&quot;&quot;,&quot;focal_length&quot;:&quot;0&quot;,&quot;iso&quot;:&quot;0&quot;,&quot;shutter_speed&quot;:&quot;0&quot;,&quot;title&quot;:&quot;&quot;,&quot;orientation&quot;:&quot;0&quot;}\" data-image-title=\"8 v2_COB_DEU ANYS DEXILI Mdme de Stael (1)\" data-image-description=\"\" data-image-caption=\"\" data-large-file=\"https:\/\/i0.wp.com\/crater.cat\/wp-content\/uploads\/2025\/11\/8-v2_COB_DEU-ANYS-DEXILI-Mdme-de-Stael-1-scaled.jpg?fit=644%2C1024&amp;ssl=1\" \/><\/div>\n\t\t\t\t\t\n\t\t\t\t<\/a>\n\t\t\t\t\n\t\t\t\t\n\t\t\t\t\n\t\t\t<\/li><li class=\"wc-block-grid__product\">\n\t\t\t\t<a href=\"https:\/\/crater.cat\/index.php\/producte\/diaris\/\" class=\"wc-block-grid__product-link\">\n\t\t\t\t\t\n\t\t\t\t\t<div class=\"wc-block-grid__product-image\"><img loading=\"lazy\" decoding=\"async\" width=\"1287\" height=\"2048\" src=\"https:\/\/i0.wp.com\/crater.cat\/wp-content\/uploads\/2024\/08\/thumbnail_CRATER_Diaris-Plath_COBERTA_alta-AAFF-scaled.webp?fit=1287%2C2048&amp;ssl=1\" class=\"attachment-woocommerce_thumbnail size-woocommerce_thumbnail\" alt=\"Diaris-Plath_COBERTA\" srcset=\"https:\/\/i0.wp.com\/crater.cat\/wp-content\/uploads\/2024\/08\/thumbnail_CRATER_Diaris-Plath_COBERTA_alta-AAFF-scaled.webp?w=1287&amp;ssl=1 1287w, https:\/\/i0.wp.com\/crater.cat\/wp-content\/uploads\/2024\/08\/thumbnail_CRATER_Diaris-Plath_COBERTA_alta-AAFF-scaled.webp?resize=189%2C300&amp;ssl=1 189w, https:\/\/i0.wp.com\/crater.cat\/wp-content\/uploads\/2024\/08\/thumbnail_CRATER_Diaris-Plath_COBERTA_alta-AAFF-scaled.webp?resize=644%2C1024&amp;ssl=1 644w, https:\/\/i0.wp.com\/crater.cat\/wp-content\/uploads\/2024\/08\/thumbnail_CRATER_Diaris-Plath_COBERTA_alta-AAFF-scaled.webp?resize=94%2C150&amp;ssl=1 94w, https:\/\/i0.wp.com\/crater.cat\/wp-content\/uploads\/2024\/08\/thumbnail_CRATER_Diaris-Plath_COBERTA_alta-AAFF-scaled.webp?resize=768%2C1222&amp;ssl=1 768w, https:\/\/i0.wp.com\/crater.cat\/wp-content\/uploads\/2024\/08\/thumbnail_CRATER_Diaris-Plath_COBERTA_alta-AAFF-scaled.webp?resize=966%2C1536&amp;ssl=1 966w\" sizes=\"auto, (max-width: 1100px) 100vw, 1100px\" data-attachment-id=\"2665\" data-permalink=\"https:\/\/crater.cat\/?attachment_id=2665\" data-orig-file=\"https:\/\/i0.wp.com\/crater.cat\/wp-content\/uploads\/2024\/08\/thumbnail_CRATER_Diaris-Plath_COBERTA_alta-AAFF-scaled.webp?fit=1287%2C2048&amp;ssl=1\" data-orig-size=\"1287,2048\" data-comments-opened=\"1\" data-image-meta=\"{&quot;aperture&quot;:&quot;0&quot;,&quot;credit&quot;:&quot;&quot;,&quot;camera&quot;:&quot;&quot;,&quot;caption&quot;:&quot;&quot;,&quot;created_timestamp&quot;:&quot;0&quot;,&quot;copyright&quot;:&quot;&quot;,&quot;focal_length&quot;:&quot;0&quot;,&quot;iso&quot;:&quot;0&quot;,&quot;shutter_speed&quot;:&quot;0&quot;,&quot;title&quot;:&quot;&quot;,&quot;orientation&quot;:&quot;0&quot;}\" data-image-title=\"Diaris-Plath_COBERTA\" data-image-description=\"&lt;p&gt;Diaris-Plath_COBERTA&lt;\/p&gt;\n\" data-image-caption=\"&lt;p&gt;Diaris-Plath_COBERTA&lt;\/p&gt;\n\" data-large-file=\"https:\/\/i0.wp.com\/crater.cat\/wp-content\/uploads\/2024\/08\/thumbnail_CRATER_Diaris-Plath_COBERTA_alta-AAFF-scaled.webp?fit=644%2C1024&amp;ssl=1\" \/><\/div>\n\t\t\t\t\t\n\t\t\t\t<\/a>\n\t\t\t\t\n\t\t\t\t\n\t\t\t\t\n\t\t\t<\/li><li class=\"wc-block-grid__product\">\n\t\t\t\t<a href=\"https:\/\/crater.cat\/index.php\/producte\/del-born-al-plata\/\" class=\"wc-block-grid__product-link\">\n\t\t\t\t\t\n\t\t\t\t\t<div class=\"wc-block-grid__product-image\"><img loading=\"lazy\" decoding=\"async\" width=\"780\" height=\"1240\" src=\"https:\/\/i0.wp.com\/crater.cat\/wp-content\/uploads\/2024\/06\/5-AAFF-DEL-BORN-AL-PLATA_COBERTA_baixa.webp?fit=780%2C1240&amp;ssl=1\" class=\"attachment-woocommerce_thumbnail size-woocommerce_thumbnail\" alt=\"Del Born al Plata - Santiago Rusi\u00f1ol\" srcset=\"https:\/\/i0.wp.com\/crater.cat\/wp-content\/uploads\/2024\/06\/5-AAFF-DEL-BORN-AL-PLATA_COBERTA_baixa.webp?w=780&amp;ssl=1 780w, https:\/\/i0.wp.com\/crater.cat\/wp-content\/uploads\/2024\/06\/5-AAFF-DEL-BORN-AL-PLATA_COBERTA_baixa.webp?resize=189%2C300&amp;ssl=1 189w, https:\/\/i0.wp.com\/crater.cat\/wp-content\/uploads\/2024\/06\/5-AAFF-DEL-BORN-AL-PLATA_COBERTA_baixa.webp?resize=644%2C1024&amp;ssl=1 644w, https:\/\/i0.wp.com\/crater.cat\/wp-content\/uploads\/2024\/06\/5-AAFF-DEL-BORN-AL-PLATA_COBERTA_baixa.webp?resize=94%2C150&amp;ssl=1 94w, https:\/\/i0.wp.com\/crater.cat\/wp-content\/uploads\/2024\/06\/5-AAFF-DEL-BORN-AL-PLATA_COBERTA_baixa.webp?resize=768%2C1221&amp;ssl=1 768w\" sizes=\"auto, (max-width: 780px) 100vw, 780px\" data-attachment-id=\"2557\" data-permalink=\"https:\/\/crater.cat\/?attachment_id=2557\" data-orig-file=\"https:\/\/i0.wp.com\/crater.cat\/wp-content\/uploads\/2024\/06\/5-AAFF-DEL-BORN-AL-PLATA_COBERTA_baixa.webp?fit=780%2C1240&amp;ssl=1\" data-orig-size=\"780,1240\" data-comments-opened=\"1\" data-image-meta=\"{&quot;aperture&quot;:&quot;0&quot;,&quot;credit&quot;:&quot;&quot;,&quot;camera&quot;:&quot;&quot;,&quot;caption&quot;:&quot;&quot;,&quot;created_timestamp&quot;:&quot;0&quot;,&quot;copyright&quot;:&quot;&quot;,&quot;focal_length&quot;:&quot;0&quot;,&quot;iso&quot;:&quot;0&quot;,&quot;shutter_speed&quot;:&quot;0&quot;,&quot;title&quot;:&quot;&quot;,&quot;orientation&quot;:&quot;0&quot;}\" data-image-title=\"Del Born al Plata &amp;#8211; Santiago Rusi\u00f1ol\" data-image-description=\"&lt;p&gt;Del Born al Plata &amp;#8211; Santiago Rusi\u00f1ol&lt;\/p&gt;\n\" data-image-caption=\"&lt;p&gt;Del Born al Plata &amp;#8211; Santiago Rusi\u00f1ol&lt;\/p&gt;\n\" data-large-file=\"https:\/\/i0.wp.com\/crater.cat\/wp-content\/uploads\/2024\/06\/5-AAFF-DEL-BORN-AL-PLATA_COBERTA_baixa.webp?fit=644%2C1024&amp;ssl=1\" \/><\/div>\n\t\t\t\t\t\n\t\t\t\t<\/a>\n\t\t\t\t\n\t\t\t\t\n\t\t\t\t\n\t\t\t<\/li><li class=\"wc-block-grid__product\">\n\t\t\t\t<a href=\"https:\/\/crater.cat\/index.php\/producte\/el-viatge-del-beagle\/\" class=\"wc-block-grid__product-link\">\n\t\t\t\t\t\n\t\t\t\t\t<div class=\"wc-block-grid__product-image\"><img loading=\"lazy\" decoding=\"async\" width=\"1559\" height=\"2480\" src=\"https:\/\/i0.wp.com\/crater.cat\/wp-content\/uploads\/2023\/10\/4-AAFF-El-viatge-del-Beagle_FRONTAL-BAIXA.webp?fit=1559%2C2480&amp;ssl=1\" class=\"attachment-woocommerce_thumbnail size-woocommerce_thumbnail\" alt=\"Charles Darwin - El viatge del Beagle\" srcset=\"https:\/\/i0.wp.com\/crater.cat\/wp-content\/uploads\/2023\/10\/4-AAFF-El-viatge-del-Beagle_FRONTAL-BAIXA.webp?w=1559&amp;ssl=1 1559w, https:\/\/i0.wp.com\/crater.cat\/wp-content\/uploads\/2023\/10\/4-AAFF-El-viatge-del-Beagle_FRONTAL-BAIXA.webp?resize=189%2C300&amp;ssl=1 189w, https:\/\/i0.wp.com\/crater.cat\/wp-content\/uploads\/2023\/10\/4-AAFF-El-viatge-del-Beagle_FRONTAL-BAIXA.webp?resize=644%2C1024&amp;ssl=1 644w, https:\/\/i0.wp.com\/crater.cat\/wp-content\/uploads\/2023\/10\/4-AAFF-El-viatge-del-Beagle_FRONTAL-BAIXA.webp?resize=94%2C150&amp;ssl=1 94w, https:\/\/i0.wp.com\/crater.cat\/wp-content\/uploads\/2023\/10\/4-AAFF-El-viatge-del-Beagle_FRONTAL-BAIXA.webp?resize=768%2C1222&amp;ssl=1 768w, https:\/\/i0.wp.com\/crater.cat\/wp-content\/uploads\/2023\/10\/4-AAFF-El-viatge-del-Beagle_FRONTAL-BAIXA.webp?resize=966%2C1536&amp;ssl=1 966w, https:\/\/i0.wp.com\/crater.cat\/wp-content\/uploads\/2023\/10\/4-AAFF-El-viatge-del-Beagle_FRONTAL-BAIXA.webp?resize=1287%2C2048&amp;ssl=1 1287w\" sizes=\"auto, (max-width: 1100px) 100vw, 1100px\" data-attachment-id=\"2049\" data-permalink=\"https:\/\/crater.cat\/?attachment_id=2049\" data-orig-file=\"https:\/\/i0.wp.com\/crater.cat\/wp-content\/uploads\/2023\/10\/4-AAFF-El-viatge-del-Beagle_FRONTAL-BAIXA.webp?fit=1559%2C2480&amp;ssl=1\" data-orig-size=\"1559,2480\" data-comments-opened=\"1\" data-image-meta=\"{&quot;aperture&quot;:&quot;0&quot;,&quot;credit&quot;:&quot;&quot;,&quot;camera&quot;:&quot;&quot;,&quot;caption&quot;:&quot;&quot;,&quot;created_timestamp&quot;:&quot;0&quot;,&quot;copyright&quot;:&quot;&quot;,&quot;focal_length&quot;:&quot;0&quot;,&quot;iso&quot;:&quot;0&quot;,&quot;shutter_speed&quot;:&quot;0&quot;,&quot;title&quot;:&quot;&quot;,&quot;orientation&quot;:&quot;0&quot;}\" data-image-title=\"Charles Darwin &amp;#8211; El viatge del Beagle\" data-image-description=\"&lt;p&gt;Charles Darwin &amp;#8211; El viatge del Beagle&lt;\/p&gt;\n\" data-image-caption=\"&lt;p&gt;Charles Darwin &amp;#8211; El viatge del Beagle&lt;\/p&gt;\n\" data-large-file=\"https:\/\/i0.wp.com\/crater.cat\/wp-content\/uploads\/2023\/10\/4-AAFF-El-viatge-del-Beagle_FRONTAL-BAIXA.webp?fit=644%2C1024&amp;ssl=1\" \/><\/div>\n\t\t\t\t\t\n\t\t\t\t<\/a>\n\t\t\t\t\n\t\t\t\t\n\t\t\t\t\n\t\t\t<\/li><li class=\"wc-block-grid__product\">\n\t\t\t\t<a href=\"https:\/\/crater.cat\/index.php\/producte\/com-em-vaig-escapar-de-la-preso-de-venecia-la-meva-fuga-dels-ploms\/\" class=\"wc-block-grid__product-link\">\n\t\t\t\t\t\n\t\t\t\t\t<div class=\"wc-block-grid__product-image\"><img loading=\"lazy\" decoding=\"async\" width=\"780\" height=\"1240\" src=\"https:\/\/i0.wp.com\/crater.cat\/wp-content\/uploads\/2024\/03\/3-AAFF-COB-FUGIDA-PRESO-Casanova_baixa.webp?fit=780%2C1240&amp;ssl=1\" class=\"attachment-woocommerce_thumbnail size-woocommerce_thumbnail\" alt=\"Giacomo Casanova Ven\u00e8cia Ploms\" srcset=\"https:\/\/i0.wp.com\/crater.cat\/wp-content\/uploads\/2024\/03\/3-AAFF-COB-FUGIDA-PRESO-Casanova_baixa.webp?w=780&amp;ssl=1 780w, https:\/\/i0.wp.com\/crater.cat\/wp-content\/uploads\/2024\/03\/3-AAFF-COB-FUGIDA-PRESO-Casanova_baixa.webp?resize=189%2C300&amp;ssl=1 189w, https:\/\/i0.wp.com\/crater.cat\/wp-content\/uploads\/2024\/03\/3-AAFF-COB-FUGIDA-PRESO-Casanova_baixa.webp?resize=644%2C1024&amp;ssl=1 644w, https:\/\/i0.wp.com\/crater.cat\/wp-content\/uploads\/2024\/03\/3-AAFF-COB-FUGIDA-PRESO-Casanova_baixa.webp?resize=94%2C150&amp;ssl=1 94w, https:\/\/i0.wp.com\/crater.cat\/wp-content\/uploads\/2024\/03\/3-AAFF-COB-FUGIDA-PRESO-Casanova_baixa.webp?resize=768%2C1221&amp;ssl=1 768w\" sizes=\"auto, (max-width: 780px) 100vw, 780px\" data-attachment-id=\"2050\" data-permalink=\"https:\/\/crater.cat\/3-aaff-cob-fugida-preso-casanova_baixa\/\" data-orig-file=\"https:\/\/i0.wp.com\/crater.cat\/wp-content\/uploads\/2024\/03\/3-AAFF-COB-FUGIDA-PRESO-Casanova_baixa.webp?fit=780%2C1240&amp;ssl=1\" data-orig-size=\"780,1240\" data-comments-opened=\"1\" data-image-meta=\"{&quot;aperture&quot;:&quot;0&quot;,&quot;credit&quot;:&quot;&quot;,&quot;camera&quot;:&quot;&quot;,&quot;caption&quot;:&quot;&quot;,&quot;created_timestamp&quot;:&quot;0&quot;,&quot;copyright&quot;:&quot;&quot;,&quot;focal_length&quot;:&quot;0&quot;,&quot;iso&quot;:&quot;0&quot;,&quot;shutter_speed&quot;:&quot;0&quot;,&quot;title&quot;:&quot;&quot;,&quot;orientation&quot;:&quot;0&quot;}\" data-image-title=\"3 AAFF COB FUGIDA PRESO Casanova_baixa\" data-image-description=\"&lt;p&gt;Giacomo Casanova &amp;#8211; Com em vaig escapar de la pres\u00f3 de Ven\u00e8cia Els Ploms&lt;\/p&gt;\n\" data-image-caption=\"&lt;p&gt;Giacomo Casanova &amp;#8211; Com em vaig escapar de la pres\u00f3 de Ven\u00e8cia Els Ploms&lt;\/p&gt;\n\" data-large-file=\"https:\/\/i0.wp.com\/crater.cat\/wp-content\/uploads\/2024\/03\/3-AAFF-COB-FUGIDA-PRESO-Casanova_baixa.webp?fit=644%2C1024&amp;ssl=1\" \/><\/div>\n\t\t\t\t\t\n\t\t\t\t<\/a>\n\t\t\t\t\n\t\t\t\t\n\t\t\t\t\n\t\t\t<\/li><li class=\"wc-block-grid__product\">\n\t\t\t\t<a href=\"https:\/\/crater.cat\/index.php\/producte\/cartes-1838-1867\/\" class=\"wc-block-grid__product-link\">\n\t\t\t\t\t\n\t\t\t\t\t<div class=\"wc-block-grid__product-image\"><img loading=\"lazy\" decoding=\"async\" width=\"780\" height=\"1240\" src=\"https:\/\/i0.wp.com\/crater.cat\/wp-content\/uploads\/2023\/02\/CARTES-COBERTA_baixa-webp.webp?fit=780%2C1240&amp;ssl=1\" class=\"attachment-woocommerce_thumbnail size-woocommerce_thumbnail\" alt=\"Dostoievski - Cartes I\" srcset=\"https:\/\/i0.wp.com\/crater.cat\/wp-content\/uploads\/2023\/02\/CARTES-COBERTA_baixa-webp.webp?w=780&amp;ssl=1 780w, https:\/\/i0.wp.com\/crater.cat\/wp-content\/uploads\/2023\/02\/CARTES-COBERTA_baixa-webp.webp?resize=189%2C300&amp;ssl=1 189w, https:\/\/i0.wp.com\/crater.cat\/wp-content\/uploads\/2023\/02\/CARTES-COBERTA_baixa-webp.webp?resize=644%2C1024&amp;ssl=1 644w, https:\/\/i0.wp.com\/crater.cat\/wp-content\/uploads\/2023\/02\/CARTES-COBERTA_baixa-webp.webp?resize=94%2C150&amp;ssl=1 94w, https:\/\/i0.wp.com\/crater.cat\/wp-content\/uploads\/2023\/02\/CARTES-COBERTA_baixa-webp.webp?resize=768%2C1221&amp;ssl=1 768w\" sizes=\"auto, (max-width: 780px) 100vw, 780px\" data-attachment-id=\"2053\" data-permalink=\"https:\/\/crater.cat\/?attachment_id=2053\" data-orig-file=\"https:\/\/i0.wp.com\/crater.cat\/wp-content\/uploads\/2023\/02\/CARTES-COBERTA_baixa-webp.webp?fit=780%2C1240&amp;ssl=1\" data-orig-size=\"780,1240\" data-comments-opened=\"1\" data-image-meta=\"{&quot;aperture&quot;:&quot;0&quot;,&quot;credit&quot;:&quot;&quot;,&quot;camera&quot;:&quot;&quot;,&quot;caption&quot;:&quot;&quot;,&quot;created_timestamp&quot;:&quot;0&quot;,&quot;copyright&quot;:&quot;&quot;,&quot;focal_length&quot;:&quot;0&quot;,&quot;iso&quot;:&quot;0&quot;,&quot;shutter_speed&quot;:&quot;0&quot;,&quot;title&quot;:&quot;&quot;,&quot;orientation&quot;:&quot;0&quot;}\" data-image-title=\"Dostoievski &amp;#8211; Cartes I\" data-image-description=\"&lt;p&gt;Dostoievski &amp;#8211; Cartes I&lt;\/p&gt;\n\" data-image-caption=\"&lt;p&gt;Dostoievski &amp;#8211; Cartes I&lt;\/p&gt;\n\" data-large-file=\"https:\/\/i0.wp.com\/crater.cat\/wp-content\/uploads\/2023\/02\/CARTES-COBERTA_baixa-webp.webp?fit=644%2C1024&amp;ssl=1\" \/><\/div>\n\t\t\t\t\t\n\t\t\t\t<\/a>\n\t\t\t\t\n\t\t\t\t\n\t\t\t\t\n\t\t\t<\/li><li class=\"wc-block-grid__product\">\n\t\t\t\t<a href=\"https:\/\/crater.cat\/index.php\/producte\/inferno\/\" class=\"wc-block-grid__product-link\">\n\t\t\t\t\t\n\t\t\t\t\t<div class=\"wc-block-grid__product-image\"><img loading=\"lazy\" decoding=\"async\" width=\"1559\" height=\"2480\" src=\"https:\/\/i0.wp.com\/crater.cat\/wp-content\/uploads\/2022\/03\/Coberta-Inferno-webp.webp?fit=1559%2C2480&amp;ssl=1\" class=\"attachment-woocommerce_thumbnail size-woocommerce_thumbnail\" alt=\"August Strindberg - Inferno\" srcset=\"https:\/\/i0.wp.com\/crater.cat\/wp-content\/uploads\/2022\/03\/Coberta-Inferno-webp.webp?w=1559&amp;ssl=1 1559w, https:\/\/i0.wp.com\/crater.cat\/wp-content\/uploads\/2022\/03\/Coberta-Inferno-webp.webp?resize=189%2C300&amp;ssl=1 189w, https:\/\/i0.wp.com\/crater.cat\/wp-content\/uploads\/2022\/03\/Coberta-Inferno-webp.webp?resize=644%2C1024&amp;ssl=1 644w, https:\/\/i0.wp.com\/crater.cat\/wp-content\/uploads\/2022\/03\/Coberta-Inferno-webp.webp?resize=94%2C150&amp;ssl=1 94w, https:\/\/i0.wp.com\/crater.cat\/wp-content\/uploads\/2022\/03\/Coberta-Inferno-webp.webp?resize=768%2C1222&amp;ssl=1 768w, https:\/\/i0.wp.com\/crater.cat\/wp-content\/uploads\/2022\/03\/Coberta-Inferno-webp.webp?resize=966%2C1536&amp;ssl=1 966w, https:\/\/i0.wp.com\/crater.cat\/wp-content\/uploads\/2022\/03\/Coberta-Inferno-webp.webp?resize=1287%2C2048&amp;ssl=1 1287w\" sizes=\"auto, (max-width: 1100px) 100vw, 1100px\" data-attachment-id=\"2056\" data-permalink=\"https:\/\/crater.cat\/?attachment_id=2056\" data-orig-file=\"https:\/\/i0.wp.com\/crater.cat\/wp-content\/uploads\/2022\/03\/Coberta-Inferno-webp.webp?fit=1559%2C2480&amp;ssl=1\" data-orig-size=\"1559,2480\" data-comments-opened=\"1\" data-image-meta=\"{&quot;aperture&quot;:&quot;0&quot;,&quot;credit&quot;:&quot;&quot;,&quot;camera&quot;:&quot;&quot;,&quot;caption&quot;:&quot;&quot;,&quot;created_timestamp&quot;:&quot;0&quot;,&quot;copyright&quot;:&quot;&quot;,&quot;focal_length&quot;:&quot;0&quot;,&quot;iso&quot;:&quot;0&quot;,&quot;shutter_speed&quot;:&quot;0&quot;,&quot;title&quot;:&quot;&quot;,&quot;orientation&quot;:&quot;0&quot;}\" data-image-title=\"August Strindberg &amp;#8211; Inferno\" data-image-description=\"&lt;p&gt;August Strindberg &amp;#8211; Inferno&lt;\/p&gt;\n\" data-image-caption=\"&lt;p&gt;August Strindberg &amp;#8211; Inferno&lt;\/p&gt;\n\" data-large-file=\"https:\/\/i0.wp.com\/crater.cat\/wp-content\/uploads\/2022\/03\/Coberta-Inferno-webp.webp?fit=644%2C1024&amp;ssl=1\" \/><\/div>\n\t\t\t\t\t\n\t\t\t\t<\/a>\n\t\t\t\t\n\t\t\t\t\n\t\t\t\t\n\t\t\t<\/li><\/ul><\/div>\r\n<p><br \/>Properament, comen\u00e7arem la col\u00b7lecci\u00f3 <strong>Mirall<\/strong> de novel\u00b7la.<\/p>\r\n\r\n<p><br \/>Aqu\u00ed podeu descarregar-vos el <a title=\"Cat\u00e0leg\" href=\"https:\/\/crater.cat\/index.php\/cataleg\/\" target=\"_blank\" rel=\"noopener\"><strong>cat\u00e0leg d&#8217;Edicions del Cr\u00e0ter<\/strong><\/a>.<\/p>\r\n\r\n<p>&nbsp;<\/p>\r\n\r\n<div class=\"wp-block-spacer\" style=\"height: 100px;\" aria-hidden=\"true\">\u00a0<\/div>\r\n\r\n<p>&nbsp;<\/p>\r\n<div class=\"wp-block-image\">\r\n<figure class=\"aligncenter size-full\"><img data-recalc-dims=\"1\" loading=\"lazy\" decoding=\"async\" width=\"541\" height=\"542\" data-attachment-id=\"303\" data-permalink=\"https:\/\/crater.cat\/index.php\/qui-som\/crater-simbol-mida5\/\" data-orig-file=\"https:\/\/i0.wp.com\/crater.cat\/wp-content\/uploads\/2021\/09\/Crater-simbol-mida5.jpg?fit=541%2C542&amp;ssl=1\" data-orig-size=\"541,542\" data-comments-opened=\"1\" data-image-meta=\"{&quot;aperture&quot;:&quot;0&quot;,&quot;credit&quot;:&quot;&quot;,&quot;camera&quot;:&quot;&quot;,&quot;caption&quot;:&quot;&quot;,&quot;created_timestamp&quot;:&quot;0&quot;,&quot;copyright&quot;:&quot;&quot;,&quot;focal_length&quot;:&quot;0&quot;,&quot;iso&quot;:&quot;0&quot;,&quot;shutter_speed&quot;:&quot;0&quot;,&quot;title&quot;:&quot;&quot;,&quot;orientation&quot;:&quot;0&quot;}\" data-image-title=\"Crater-simbol-mida5\" data-image-description=\"\" data-image-caption=\"\" data-large-file=\"https:\/\/i0.wp.com\/crater.cat\/wp-content\/uploads\/2021\/09\/Crater-simbol-mida5.jpg?fit=541%2C542&amp;ssl=1\" class=\"wp-image-303\" src=\"https:\/\/i0.wp.com\/edicionscrater.live-website.com\/wp-content\/uploads\/2021\/09\/Crater-simbol-mida5.jpg?resize=541%2C542&#038;ssl=1\" alt=\"\" srcset=\"https:\/\/i0.wp.com\/crater.cat\/wp-content\/uploads\/2021\/09\/Crater-simbol-mida5.jpg?w=541&amp;ssl=1 541w, https:\/\/i0.wp.com\/crater.cat\/wp-content\/uploads\/2021\/09\/Crater-simbol-mida5.jpg?resize=300%2C301&amp;ssl=1 300w, https:\/\/i0.wp.com\/crater.cat\/wp-content\/uploads\/2021\/09\/Crater-simbol-mida5.jpg?resize=150%2C150&amp;ssl=1 150w, https:\/\/i0.wp.com\/crater.cat\/wp-content\/uploads\/2021\/09\/Crater-simbol-mida5.jpg?resize=100%2C100&amp;ssl=1 100w\" sizes=\"auto, (max-width: 541px) 100vw, 541px\" \/><\/figure>\r\n<p><\/div>[\/vc_column_text][\/vc_column][\/vc_row][vc_row][vc_column]<div class=\"mkdf-testimonials-holder clearfix mkdf-testimonials-carousel \">\n\t<div class=\"mkdf-testimonials mkdf-owl-custom-slider mkdf-testimonials-main\" data-number-of-items=\"1\" data-enable-loop=\"yes\" data-enable-autoplay=\"yes\" data-slider-speed=\"9000\" data-slider-speed-animation=\"600\" data-enable-navigation=\"yes\" data-enable-pagination=\"yes\" >\n\t\t\n\t\t\t\t\t\t\n\t\t\t\t<div class=\"mkdf-testimonial-content\" id=\"mkdf-testimonials-2004\">\n\t\t\t\t\t<div class=\"mkdf-testimonial-text-holder\">\n\t\t\t\t\t\t\t\t\t\t\t\t\t\t\t\t\t\t\t<p class=\"mkdf-testimonial-text\">\u00abL\u2019\u00fanic que Ruyra necessita \u00e9s un instrument verbal expressiu al servei de la seva agudesa sensorial.\u00bb<\/p>\n\t\t\t\t\t\t\t\t\t\t\t\t\t\t\t\t\t\t\t<h4 class=\"mkdf-testimonial-author\">\n\t\t\t\t\t\t\t\t<span class=\"mkdf-testimonials-author-name\">Gabriel Ferrater<\/span>\n\t\t\t\t\t\t\t\t\t\t\t\t\t\t\t<\/h4>\n\t\t\t\t\t\t\t\t\t\t\t<\/div>\n\t\t\t\t<\/div>\n\t\t\t\n\t\t\t\t\t\t\t\n\t\t\t\t<div class=\"mkdf-testimonial-content\" id=\"mkdf-testimonials-2003\">\n\t\t\t\t\t<div class=\"mkdf-testimonial-text-holder\">\n\t\t\t\t\t\t\t\t\t\t\t\t\t\t\t\t\t\t\t<p class=\"mkdf-testimonial-text\">\u00abHem tingut en aquest pa\u00eds, tres grans escriptors: Verdaguer, Maragall, Ruyra. El senyor Joaquim Ruyra, que era de Blanes, ha escrit una prosa que no ha estat sobrepassada: \u201cUna tarda per mar\u201d, \u201cEl rem de trenta quatre\u201d, \u201cJacob\u00e9\u201d, s\u00f3n papers admirables.\u00bb<\/p>\n\t\t\t\t\t\t\t\t\t\t\t\t\t\t\t\t\t\t\t<h4 class=\"mkdf-testimonial-author\">\n\t\t\t\t\t\t\t\t<span class=\"mkdf-testimonials-author-name\">Josep Pla<\/span>\n\t\t\t\t\t\t\t\t\t\t\t\t\t\t\t<\/h4>\n\t\t\t\t\t\t\t\t\t\t\t<\/div>\n\t\t\t\t<\/div>\n\t\t\t\n\t\t\t\t\t\t\t\n\t\t\t\t<div class=\"mkdf-testimonial-content\" id=\"mkdf-testimonials-1995\">\n\t\t\t\t\t<div class=\"mkdf-testimonial-text-holder\">\n\t\t\t\t\t\t\t\t\t\t\t\t\t\t\t\t\t\t\t<p class=\"mkdf-testimonial-text\">\u00ab\u00c9s tota una maledicci\u00f3 per a qualsevol d\u2019estar tan capficat per un tema com jo ho estic amb el meu.\u00bb<\/p>\n\t\t\t\t\t\t\t\t\t\t\t\t\t\t\t\t\t\t\t<h4 class=\"mkdf-testimonial-author\">\n\t\t\t\t\t\t\t\t<span class=\"mkdf-testimonials-author-name\">Charles Darwin<\/span>\n\t\t\t\t\t\t\t\t\t\t\t\t\t\t\t<\/h4>\n\t\t\t\t\t\t\t\t\t\t\t<\/div>\n\t\t\t\t<\/div>\n\t\t\t\n\t\t\t\t\t\t\t\n\t\t\t\t<div class=\"mkdf-testimonial-content\" id=\"mkdf-testimonials-1993\">\n\t\t\t\t\t<div class=\"mkdf-testimonial-text-holder\">\n\t\t\t\t\t\t\t\t\t\t\t\t\t\t\t\t\t\t\t<p class=\"mkdf-testimonial-text\">\u00abM\u2019encanten els experiments extavagants. En faig constantment.\u00bb<\/p>\n\t\t\t\t\t\t\t\t\t\t\t\t\t\t\t\t\t\t\t<h4 class=\"mkdf-testimonial-author\">\n\t\t\t\t\t\t\t\t<span class=\"mkdf-testimonials-author-name\">Charles Darwin<\/span>\n\t\t\t\t\t\t\t\t\t\t\t\t\t\t\t<\/h4>\n\t\t\t\t\t\t\t\t\t\t\t<\/div>\n\t\t\t\t<\/div>\n\t\t\t\n\t\t\t\t\t\t\t\n\t\t\t\t<div class=\"mkdf-testimonial-content\" id=\"mkdf-testimonials-1991\">\n\t\t\t\t\t<div class=\"mkdf-testimonial-text-holder\">\n\t\t\t\t\t\t\t\t\t\t\t\t\t\t\t\t\t\t\t<p class=\"mkdf-testimonial-text\">\u00abAqu\u00ed a les Gal\u00e0pagos tant l\u2019espai com el temps sembla que ens portin d\u2019alguna manera a prop de la gran pregunta \u2014el misteri dels misteris\u2014: com apareixen per primer cop les noves formes de vida en aquesta terra.\u00bb<\/p>\n\t\t\t\t\t\t\t\t\t\t\t\t\t\t\t\t\t\t\t<h4 class=\"mkdf-testimonial-author\">\n\t\t\t\t\t\t\t\t<span class=\"mkdf-testimonials-author-name\">Charles Darwin<\/span>\n\t\t\t\t\t\t\t\t\t\t\t\t\t\t\t<\/h4>\n\t\t\t\t\t\t\t\t\t\t\t<\/div>\n\t\t\t\t<\/div>\n\t\t\t\n\t\t\t\t\t\t\t\n\t\t\t\t<div class=\"mkdf-testimonial-content\" id=\"mkdf-testimonials-1870\">\n\t\t\t\t\t<div class=\"mkdf-testimonial-text-holder\">\n\t\t\t\t\t\t\t\t\t\t\t\t\t\t\t\t\t\t\t<p class=\"mkdf-testimonial-text\">\u00abLa hist\u00f2ria \u00e9s plena d\u2019esdeveniments que no haurien passat mai si alg\u00fa no els hagu\u00e9s predit. Nosaltres som els autors del nostre dest\u00ed.\u00bb<\/p>\n\t\t\t\t\t\t\t\t\t\t\t\t\t\t\t\t\t\t\t<h4 class=\"mkdf-testimonial-author\">\n\t\t\t\t\t\t\t\t<span class=\"mkdf-testimonials-author-name\">Giacomo Casanova<\/span>\n\t\t\t\t\t\t\t\t\t\t\t\t\t\t\t<\/h4>\n\t\t\t\t\t\t\t\t\t\t\t<\/div>\n\t\t\t\t<\/div>\n\t\t\t\n\t\t\t\t\t\t\t\n\t\t\t\t<div class=\"mkdf-testimonial-content\" id=\"mkdf-testimonials-1869\">\n\t\t\t\t\t<div class=\"mkdf-testimonial-text-holder\">\n\t\t\t\t\t\t\t\t\t\t\t\t\t\t\t\t\t\t\t<p class=\"mkdf-testimonial-text\">\u00abM\u2019he conven\u00e7ut que la deessa Fortuna afavoreix els qui abusen dels seus beneficis.\u00bb<\/p>\n\t\t\t\t\t\t\t\t\t\t\t\t\t\t\t\t\t\t\t<h4 class=\"mkdf-testimonial-author\">\n\t\t\t\t\t\t\t\t<span class=\"mkdf-testimonials-author-name\">Giacomo Casanova<\/span>\n\t\t\t\t\t\t\t\t\t\t\t\t\t\t\t<\/h4>\n\t\t\t\t\t\t\t\t\t\t\t<\/div>\n\t\t\t\t<\/div>\n\t\t\t\n\t\t\t\t\t\t\t\n\t\t\t\t<div class=\"mkdf-testimonial-content\" id=\"mkdf-testimonials-1729\">\n\t\t\t\t\t<div class=\"mkdf-testimonial-text-holder\">\n\t\t\t\t\t\t\t\t\t\t\t\t\t\t\t\t\t\t\t<p class=\"mkdf-testimonial-text\">\u00abAnna Maria Ortese travessa l\u2019Hades posant sobre coses i persones unes mirades al\u00b7lucinades i plenes de dolcesa: terribles a for\u00e7a de ser dolces; que s\u2019apoderen i maten per sempre el formigueig de la vida.\u00bb<\/p>\n\t\t\t\t\t\t\t\t\t\t\t\t\t\t\t\t\t\t\t<h4 class=\"mkdf-testimonial-author\">\n\t\t\t\t\t\t\t\t<span class=\"mkdf-testimonials-author-name\">Pietro Citati<\/span>\n\t\t\t\t\t\t\t\t\t\t\t\t\t\t\t<\/h4>\n\t\t\t\t\t\t\t\t\t\t\t<\/div>\n\t\t\t\t<\/div>\n\t\t\t\n\t\t\t\t\t\t\t\n\t\t\t\t<div class=\"mkdf-testimonial-content\" id=\"mkdf-testimonials-1725\">\n\t\t\t\t\t<div class=\"mkdf-testimonial-text-holder\">\n\t\t\t\t\t\t\t\t\t\t\t\t\t\t\t\t\t\t\t<p class=\"mkdf-testimonial-text\">\u00abEl cap\u00edtol d\u2019El Mar no banya N\u00e0pols titulat \u201cLa ciutat involunt\u00e0ria\u201d, en m\u00e9s d\u2019una etapa de la meva vida, em va semblar un punt de partida necessari si mai intentava explicar el que creia saber de la meva ciutat.\u00bb<\/p>\n\t\t\t\t\t\t\t\t\t\t\t\t\t\t\t\t\t\t\t<h4 class=\"mkdf-testimonial-author\">\n\t\t\t\t\t\t\t\t<span class=\"mkdf-testimonials-author-name\">Elena Ferrante<\/span>\n\t\t\t\t\t\t\t\t\t\t\t\t\t\t\t<\/h4>\n\t\t\t\t\t\t\t\t\t\t\t<\/div>\n\t\t\t\t<\/div>\n\t\t\t\n\t\t\t\t\t\t\t\n\t\t\t\t<div class=\"mkdf-testimonial-content\" id=\"mkdf-testimonials-1724\">\n\t\t\t\t\t<div class=\"mkdf-testimonial-text-holder\">\n\t\t\t\t\t\t\t\t\t\t\t\t\t\t\t\t\t\t\t<p class=\"mkdf-testimonial-text\">\u00abIngeborg Bachmann \u00e9s la poetessa m\u00e9s intel\u00b7ligent i m\u00e9s destacada que ha donat el nostre pa\u00eds en aquest segle.\u00bb<\/p>\n\t\t\t\t\t\t\t\t\t\t\t\t\t\t\t\t\t\t\t<h4 class=\"mkdf-testimonial-author\">\n\t\t\t\t\t\t\t\t<span class=\"mkdf-testimonials-author-name\">Thomas Bernhard<\/span>\n\t\t\t\t\t\t\t\t\t\t\t\t\t\t\t<\/h4>\n\t\t\t\t\t\t\t\t\t\t\t<\/div>\n\t\t\t\t<\/div>\n\t\t\t\n\t\t\t\t\t\t\t\n\t\t\t\t<div class=\"mkdf-testimonial-content\" id=\"mkdf-testimonials-1442\">\n\t\t\t\t\t<div class=\"mkdf-testimonial-text-holder\">\n\t\t\t\t\t\t\t\t\t\t\t\t\t\t\t\t\t\t\t<p class=\"mkdf-testimonial-text\">\u00abNo m\u2019he enfonsat i no he perdut l\u2019\u00e0nim, germ\u00e0! La vida \u00e9s vida a tot arreu, la vida \u00e9s dins nostre, no pas a l\u2019exterior. Tindr\u00e9 gent al voltant, i ser un home entre la gent i ser-ho sempre, malgrat tots els infortunis, no enfonsar-se i no decaure: vet aqu\u00ed qu\u00e8 \u00e9s la vida, vet aqu\u00ed el seu objectiu.\u00bb<\/p>\n\t\t\t\t\t\t\t\t\t\t\t\t\t\t\t\t\t\t\t<h4 class=\"mkdf-testimonial-author\">\n\t\t\t\t\t\t\t\t<span class=\"mkdf-testimonials-author-name\">Fi\u00f3dor Dostoievski<\/span>\n\t\t\t\t\t\t\t\t\t\t\t\t\t\t\t<\/h4>\n\t\t\t\t\t\t\t\t\t\t\t<\/div>\n\t\t\t\t<\/div>\n\t\t\t\n\t\t\t\t\t\t\t\n\t\t\t\t<div class=\"mkdf-testimonial-content\" id=\"mkdf-testimonials-1441\">\n\t\t\t\t\t<div class=\"mkdf-testimonial-text-holder\">\n\t\t\t\t\t\t\t\t\t\t\t\t\t\t\t\t\t\t\t<p class=\"mkdf-testimonial-text\">\u00abL\u2019home \u00e9s un misteri que cal desentrellar i, si et passes tota la vida desentrellant-lo, no diguis que has perdut el temps. Jo em dedico a aquest misteri, perqu\u00e8 vull ser un home.\u00bb<\/p>\n\t\t\t\t\t\t\t\t\t\t\t\t\t\t\t\t\t\t\t<h4 class=\"mkdf-testimonial-author\">\n\t\t\t\t\t\t\t\t<span class=\"mkdf-testimonials-author-name\">Fi\u00f3dor Dostoievski<\/span>\n\t\t\t\t\t\t\t\t\t\t\t\t\t\t\t<\/h4>\n\t\t\t\t\t\t\t\t\t\t\t<\/div>\n\t\t\t\t<\/div>\n\t\t\t\n\t\t\t\t\t\t\t\n\t\t\t\t<div class=\"mkdf-testimonial-content\" id=\"mkdf-testimonials-1120\">\n\t\t\t\t\t<div class=\"mkdf-testimonial-text-holder\">\n\t\t\t\t\t\t\t\t\t\t\t\t\t\t\t\t\t\t\t<p class=\"mkdf-testimonial-text\">\u00abHemingway va renovar la llengua anglesa i va canviar el ritme i la manera com tant ell com les generacions seg\u00fcents parlarien, escriurien i pensarien.\u00bb<\/p>\n\t\t\t\t\t\t\t\t\t\t\t\t\t\t\t\t\t\t\t<h4 class=\"mkdf-testimonial-author\">\n\t\t\t\t\t\t\t\t<span class=\"mkdf-testimonials-author-name\">Joan Didion<\/span>\n\t\t\t\t\t\t\t\t\t\t\t\t\t\t\t<\/h4>\n\t\t\t\t\t\t\t\t\t\t\t<\/div>\n\t\t\t\t<\/div>\n\t\t\t\n\t\t\t\t\t\t\t\n\t\t\t\t<div class=\"mkdf-testimonial-content\" id=\"mkdf-testimonials-1119\">\n\t\t\t\t\t<div class=\"mkdf-testimonial-text-holder\">\n\t\t\t\t\t\t\t\t\t\t\t\t\t\t\t\t\t\t\t<p class=\"mkdf-testimonial-text\">\u00abHemingway sabia com escriure una l\u00ednia. Va ser una alegria. Les paraules no eren avorrides, les paraules eren una cosa que feia vibrar la ment. Si les llegies i et deixaves endur per la seva m\u00e0gia, podies viure sense dolor, amb esperan\u00e7a, sense importar el que et pass\u00e9s.\u00bb<\/p>\n\t\t\t\t\t\t\t\t\t\t\t\t\t\t\t\t\t\t\t<h4 class=\"mkdf-testimonial-author\">\n\t\t\t\t\t\t\t\t<span class=\"mkdf-testimonials-author-name\">Charles Bukowski<\/span>\n\t\t\t\t\t\t\t\t\t\t\t\t\t\t\t<\/h4>\n\t\t\t\t\t\t\t\t\t\t\t<\/div>\n\t\t\t\t<\/div>\n\t\t\t\n\t\t\t\t\t\t\t\n\t\t\t\t<div class=\"mkdf-testimonial-content\" id=\"mkdf-testimonials-1046\">\n\t\t\t\t\t<div class=\"mkdf-testimonial-text-holder\">\n\t\t\t\t\t\t\t\t\t\t\t\t\t\t\t\t\t\t\t<p class=\"mkdf-testimonial-text\">Criatura estranha, esp\u00edrito irriquieto, \/ Cheio de ansiedade, \/ Assim como eu criavas mundos novos, \/ Lindos como os teus sonhos<\/p>\n\t\t\t\t\t\t\t\t\t\t\t\t\t\t\t\t\t\t\t<h4 class=\"mkdf-testimonial-author\">\n\t\t\t\t\t\t\t\t<span class=\"mkdf-testimonials-author-name\">Fernando Pessoa<\/span>\n\t\t\t\t\t\t\t\t\t\t\t\t\t\t\t\t\t<span class=\"mkdf-testimonials-author-job\">\u00c0 mem\u00f3ria de Florbela Espanca<\/span>\n\t\t\t\t\t\t\t\t\t\t\t\t\t\t\t<\/h4>\n\t\t\t\t\t\t\t\t\t\t\t<\/div>\n\t\t\t\t<\/div>\n\t\t\t\n\t\t\t\t\n\t<\/div>\n\t<div class=\"mkdf-testimonial-image-nav mkdf-owl-custom-slider\">\n\t\t\t\t\t<div class=\"mkdf-testimonial-image\"><\/div>\n\t\t\t\t\t<div class=\"mkdf-testimonial-image\"><\/div>\n\t\t\t\t\t<div class=\"mkdf-testimonial-image\"><\/div>\n\t\t\t\t\t<div class=\"mkdf-testimonial-image\"><\/div>\n\t\t\t\t\t<div class=\"mkdf-testimonial-image\"><\/div>\n\t\t\t\t\t<div class=\"mkdf-testimonial-image\"><\/div>\n\t\t\t\t\t<div class=\"mkdf-testimonial-image\"><\/div>\n\t\t\t\t\t<div class=\"mkdf-testimonial-image\"><\/div>\n\t\t\t\t\t<div class=\"mkdf-testimonial-image\"><\/div>\n\t\t\t\t\t<div class=\"mkdf-testimonial-image\"><\/div>\n\t\t\t\t\t<div class=\"mkdf-testimonial-image\"><\/div>\n\t\t\t\t\t<div class=\"mkdf-testimonial-image\"><\/div>\n\t\t\t\t\t<div class=\"mkdf-testimonial-image\"><\/div>\n\t\t\t\t\t<div class=\"mkdf-testimonial-image\"><\/div>\n\t\t\t\t\t<div class=\"mkdf-testimonial-image\"><\/div>\n\t\t\t<\/div>\n\n<\/div>[\/vc_column][\/vc_row]<\/p><\/div>","protected":false},"excerpt":{"rendered":"<p>[vc_row][vc_column][vc_column_text] Les col\u00b7leccions d\u2019Edicions del Cr\u00e0ter\u00a0s\u00f3n: Col\u00b7lecci\u00f3 Renart\u00a0de contes i relats curts: \u00a0 Col\u00b7lecci\u00f3 Magnetar\u00a0d\u2019escrits autobiogr\u00e0fics (cartes, diaris, cr\u00f2niques, viatges i novel\u00b7les autobiogr\u00e0fiques): \u00a0 Properament, comen\u00e7arem la col\u00b7lecci\u00f3 Mirall de novel\u00b7la. Aqu\u00ed podeu descarregar-vos el cat\u00e0leg d&#8217;Edicions del Cr\u00e0ter. &nbsp; [&hellip;]<\/p>\n","protected":false},"author":1,"featured_media":0,"parent":0,"menu_order":0,"comment_status":"closed","ping_status":"closed","template":"","meta":{"cybocfi_hide_featured_image":"","footnotes":""},"class_list":["post-189","page","type-page","status-publish","hentry"],"aioseo_notices":[],"jetpack_sharing_enabled":true,"jetpack-related-posts":[{"id":110,"url":"https:\/\/crater.cat\/index.php\/contacte\/","url_meta":{"origin":189,"position":0},"title":"Contacte","author":"Edicions del Cr\u00e0ter","date":"12\/08\/2021","format":false,"excerpt":"Per qualsevol tema relacionat amb la tasca editorial, propostes, informaci\u00f3 sobre la distribuci\u00f3, etc., podeu fer servir el formulari de sota o les adreces de continuaci\u00f3. Contacte Edicions del Cr\u00e0ter, SCP info@crater.cat twitter: @crateredicions instagram: @edicionsdelcrater Distribuci\u00f3 UDL Libros https:\/\/www.udllibros.com info@udllibros.com 932 26 27 64 Originals Edicions del Cr\u00e0ter es\u2026","rel":"","context":"Entrada similar","block_context":{"text":"Entrada similar","link":""},"img":{"alt_text":"","src":"","width":0,"height":0},"classes":[]},{"id":42,"url":"https:\/\/crater.cat\/index.php\/magnetar\/","url_meta":{"origin":189,"position":1},"title":"Magnetar","author":"Edicions del Cr\u00e0ter","date":"07\/04\/2021","format":false,"excerpt":"Les vides de les grans persones tenen un poder magn\u00e8tic que ens captiva l\u2019atenci\u00f3 i ens arrossega a voler saber m\u00e9s coses d\u2019elles, volem saber qu\u00e8 pensaven en la seva intimitat i viatjar al seient de darrere el seu cotxe, volem entrar a casa seva, viure amb ells l\u2019amor, el\u2026","rel":"","context":"Entrada similar","block_context":{"text":"Entrada similar","link":""},"img":{"alt_text":"","src":"","width":0,"height":0},"classes":[]}],"jetpack_shortlink":"https:\/\/wp.me\/PcY4IF-33","_links":{"self":[{"href":"https:\/\/crater.cat\/index.php\/wp-json\/wp\/v2\/pages\/189","targetHints":{"allow":["GET"]}}],"collection":[{"href":"https:\/\/crater.cat\/index.php\/wp-json\/wp\/v2\/pages"}],"about":[{"href":"https:\/\/crater.cat\/index.php\/wp-json\/wp\/v2\/types\/page"}],"author":[{"embeddable":true,"href":"https:\/\/crater.cat\/index.php\/wp-json\/wp\/v2\/users\/1"}],"replies":[{"embeddable":true,"href":"https:\/\/crater.cat\/index.php\/wp-json\/wp\/v2\/comments?post=189"}],"version-history":[{"count":14,"href":"https:\/\/crater.cat\/index.php\/wp-json\/wp\/v2\/pages\/189\/revisions"}],"predecessor-version":[{"id":2190,"href":"https:\/\/crater.cat\/index.php\/wp-json\/wp\/v2\/pages\/189\/revisions\/2190"}],"wp:attachment":[{"href":"https:\/\/crater.cat\/index.php\/wp-json\/wp\/v2\/media?parent=189"}],"curies":[{"name":"wp","href":"https:\/\/api.w.org\/{rel}","templated":true}]}}