{"id":2006,"date":"2024-03-13T10:20:41","date_gmt":"2024-03-13T09:20:41","guid":{"rendered":"https:\/\/crater.cat\/?page_id=2006"},"modified":"2024-03-22T14:21:35","modified_gmt":"2024-03-22T13:21:35","slug":"cataleg","status":"publish","type":"page","link":"https:\/\/crater.cat\/index.php\/cataleg\/","title":{"rendered":"Cat\u00e0leg"},"content":{"rendered":"\n<div style=\"height:100px\" aria-hidden=\"true\" class=\"wp-block-spacer\"><\/div>\n\n\n\n<p>Aqu\u00ed podeu descarregar-vos el cat\u00e0leg d&#8217;Edicions del Cr\u00e0ter.<\/p>\n\n\n\n<div data-wp-interactive=\"core\/file\" class=\"wp-block-file\"><object data-wp-bind--hidden=\"!state.hasPdfPreview\" hidden class=\"wp-block-file__embed\" data=\"https:\/\/crater.cat\/wp-content\/uploads\/2024\/03\/Crater-cataleg.pdf\" type=\"application\/pdf\" style=\"width:100%;height:600px\" aria-label=\"Incrustaci\u00f3 de PDF\"><\/object><a href=\"https:\/\/crater.cat\/wp-content\/uploads\/2024\/03\/Crater-cataleg.pdf\" class=\"wp-block-file__button wp-element-button\" download>Descarrega el fitxer<\/a><\/div>\n\n\n\n<div style=\"height:100px\" aria-hidden=\"true\" class=\"wp-block-spacer\"><\/div>\n\n\n\n<div style=\"height:100px\" aria-hidden=\"true\" class=\"wp-block-spacer\"><\/div>\n\n\n\n<blockquote class=\"wp-block-quote is-layout-flow wp-block-quote-is-layout-flow\">\n<p>Els nostres llibres:<\/p>\n<\/blockquote>\n\n\n\n<div data-align-buttons=\"false\" data-block-name=\"woocommerce\/all-products\" data-columns=\"5\" data-content-visibility=\"{&quot;orderBy&quot;:true}\" data-layout-config=\"[[&quot;woocommerce\\\/product-image&quot;,{&quot;showProductLink&quot;:true,&quot;showSaleBadge&quot;:true,&quot;saleBadgeAlign&quot;:&quot;right&quot;,&quot;imageSizing&quot;:&quot;thumbnail&quot;,&quot;productId&quot;:0,&quot;isDescendentOfQueryLoop&quot;:false,&quot;isDescendentOfSingleProductBlock&quot;:false,&quot;scale&quot;:&quot;cover&quot;,&quot;children&quot;:[],&quot;isDescendantOfAllProducts&quot;:true}],[&quot;woocommerce\\\/product-title&quot;,{&quot;headingLevel&quot;:2,&quot;showProductLink&quot;:true,&quot;productId&quot;:0,&quot;children&quot;:[],&quot;isDescendantOfAllProducts&quot;:true}],[&quot;woocommerce\\\/product-price&quot;,{&quot;productId&quot;:0,&quot;isDescendentOfQueryLoop&quot;:false,&quot;textAlign&quot;:&quot;&quot;,&quot;isDescendentOfSingleProductTemplate&quot;:false,&quot;isDescendentOfSingleProductBlock&quot;:false,&quot;children&quot;:[],&quot;isDescendantOfAllProducts&quot;:true}],[&quot;woocommerce\\\/product-button&quot;,{&quot;productId&quot;:0,&quot;textAlign&quot;:&quot;&quot;,&quot;isDescendentOfSingleProductBlock&quot;:false,&quot;isDescendentOfQueryLoop&quot;:false,&quot;className&quot;:&quot;is-style-fill&quot;,&quot;children&quot;:[],&quot;isDescendantOfAllProducts&quot;:true}]]\" data-orderby=\"date\" data-rows=\"3\" class=\"wp-block-woocommerce-all-products wc-block-all-products\" data-attributes=\"{&quot;alignButtons&quot;:false,&quot;columns&quot;:5,&quot;contentVisibility&quot;:{&quot;orderBy&quot;:true},&quot;isPreview&quot;:false,&quot;layoutConfig&quot;:[[&quot;woocommerce\/product-image&quot;,{&quot;showProductLink&quot;:true,&quot;showSaleBadge&quot;:true,&quot;saleBadgeAlign&quot;:&quot;right&quot;,&quot;imageSizing&quot;:&quot;thumbnail&quot;,&quot;productId&quot;:0,&quot;isDescendentOfQueryLoop&quot;:false,&quot;isDescendentOfSingleProductBlock&quot;:false,&quot;scale&quot;:&quot;cover&quot;,&quot;children&quot;:[],&quot;isDescendantOfAllProducts&quot;:true}],[&quot;woocommerce\/product-title&quot;,{&quot;headingLevel&quot;:2,&quot;showProductLink&quot;:true,&quot;productId&quot;:0,&quot;children&quot;:[],&quot;isDescendantOfAllProducts&quot;:true}],[&quot;woocommerce\/product-price&quot;,{&quot;productId&quot;:0,&quot;isDescendentOfQueryLoop&quot;:false,&quot;textAlign&quot;:&quot;&quot;,&quot;isDescendentOfSingleProductTemplate&quot;:false,&quot;isDescendentOfSingleProductBlock&quot;:false,&quot;children&quot;:[],&quot;isDescendantOfAllProducts&quot;:true}],[&quot;woocommerce\/product-button&quot;,{&quot;productId&quot;:0,&quot;textAlign&quot;:&quot;&quot;,&quot;isDescendentOfSingleProductBlock&quot;:false,&quot;isDescendentOfQueryLoop&quot;:false,&quot;className&quot;:&quot;is-style-fill&quot;,&quot;children&quot;:[],&quot;isDescendantOfAllProducts&quot;:true}]],&quot;orderby&quot;:&quot;date&quot;,&quot;rows&quot;:3}\">\n\n\n<div data-block-name=\"woocommerce\/product-title\" class=\"wp-block-woocommerce-product-title is-loading\"><\/div>\n\n\n\n\n<\/div>\n\n\n\n<div style=\"height:100px\" aria-hidden=\"true\" class=\"wp-block-spacer\"><\/div>\n\n\n\n<p>Algunes entrades al blog:<\/p>\n\n\n\n<div style=\"height:100px\" aria-hidden=\"true\" class=\"wp-block-spacer\"><\/div>\n\n\n\n<div class=\"wp-block-query is-layout-flow wp-block-query-is-layout-flow\"><ul class=\"wp-block-post-template is-layout-flow wp-block-post-template-is-layout-flow\"><li class=\"wp-block-post post-2611 post type-post status-publish format-standard has-post-thumbnail hentry category-uncategorized\">\n\n<div class=\"wp-block-columns are-vertically-aligned-center is-layout-flex wp-container-core-columns-is-layout-9d6595d7 wp-block-columns-is-layout-flex\">\n<div class=\"wp-block-column is-vertically-aligned-center is-layout-flow wp-block-column-is-layout-flow\" style=\"flex-basis:25%\"><figure class=\"wp-block-post-featured-image\"><a href=\"https:\/\/crater.cat\/index.php\/2024\/07\/22\/rusinol-a-largentina-segons-josep-pla\/\" target=\"_self\"  ><img data-recalc-dims=\"1\" loading=\"lazy\" decoding=\"async\" width=\"629\" height=\"768\" src=\"https:\/\/i0.wp.com\/crater.cat\/wp-content\/uploads\/2024\/07\/629px-Ramon_Casas_-_Portrait_of_Santiago_Rusinol_-_Google_Art_Project.jpg?resize=629%2C768&#038;ssl=1\" class=\"attachment-post-thumbnail size-post-thumbnail wp-post-image\" alt=\"Rusi\u00f1ol a l&#8217;Argentina segons Josep Pla\" style=\"object-fit:cover;\" srcset=\"https:\/\/i0.wp.com\/crater.cat\/wp-content\/uploads\/2024\/07\/629px-Ramon_Casas_-_Portrait_of_Santiago_Rusinol_-_Google_Art_Project.jpg?w=629&amp;ssl=1 629w, https:\/\/i0.wp.com\/crater.cat\/wp-content\/uploads\/2024\/07\/629px-Ramon_Casas_-_Portrait_of_Santiago_Rusinol_-_Google_Art_Project.jpg?resize=246%2C300&amp;ssl=1 246w, https:\/\/i0.wp.com\/crater.cat\/wp-content\/uploads\/2024\/07\/629px-Ramon_Casas_-_Portrait_of_Santiago_Rusinol_-_Google_Art_Project.jpg?resize=123%2C150&amp;ssl=1 123w\" sizes=\"auto, (max-width: 629px) 100vw, 629px\" data-attachment-id=\"2613\" data-permalink=\"https:\/\/crater.cat\/index.php\/2024\/07\/22\/rusinol-a-largentina-segons-josep-pla\/629px-ramon_casas_-_portrait_of_santiago_rusinol_-_google_art_project\/\" data-orig-file=\"https:\/\/i0.wp.com\/crater.cat\/wp-content\/uploads\/2024\/07\/629px-Ramon_Casas_-_Portrait_of_Santiago_Rusinol_-_Google_Art_Project.jpg?fit=629%2C768&amp;ssl=1\" data-orig-size=\"629,768\" data-comments-opened=\"1\" data-image-meta=\"{&quot;aperture&quot;:&quot;0&quot;,&quot;credit&quot;:&quot;&quot;,&quot;camera&quot;:&quot;&quot;,&quot;caption&quot;:&quot;&quot;,&quot;created_timestamp&quot;:&quot;0&quot;,&quot;copyright&quot;:&quot;&quot;,&quot;focal_length&quot;:&quot;0&quot;,&quot;iso&quot;:&quot;0&quot;,&quot;shutter_speed&quot;:&quot;0&quot;,&quot;title&quot;:&quot;&quot;,&quot;orientation&quot;:&quot;0&quot;}\" data-image-title=\"629px-Ramon_Casas_-_Portrait_of_Santiago_Rusi\u00f1ol_-_Google_Art_Project\" data-image-description=\"\" data-image-caption=\"\" data-large-file=\"https:\/\/i0.wp.com\/crater.cat\/wp-content\/uploads\/2024\/07\/629px-Ramon_Casas_-_Portrait_of_Santiago_Rusinol_-_Google_Art_Project.jpg?fit=629%2C768&amp;ssl=1\" \/><\/a><\/figure><\/div>\n\n\n\n<div class=\"wp-block-column is-vertically-aligned-center is-layout-flow wp-block-column-is-layout-flow\" style=\"flex-basis:75%\"><h3 class=\"wp-block-post-title\"><a href=\"https:\/\/crater.cat\/index.php\/2024\/07\/22\/rusinol-a-largentina-segons-josep-pla\/\" target=\"_self\" >Rusi\u00f1ol a l&#8217;Argentina segons Josep Pla<\/a><\/h3><\/div>\n<\/div>\n\n<\/li><li class=\"wp-block-post post-1903 post type-post status-publish format-standard has-post-thumbnail hentry category-uncategorized tag-beagle tag-darwin tag-mapa tag-mon tag-viatges\">\n\n<div class=\"wp-block-columns are-vertically-aligned-center is-layout-flex wp-container-core-columns-is-layout-9d6595d7 wp-block-columns-is-layout-flex\">\n<div class=\"wp-block-column is-vertically-aligned-center is-layout-flow wp-block-column-is-layout-flow\" style=\"flex-basis:25%\"><figure class=\"wp-block-post-featured-image\"><a href=\"https:\/\/crater.cat\/index.php\/2023\/12\/14\/el-viatge-de-darwin-al-detall\/\" target=\"_self\"  ><img data-recalc-dims=\"1\" loading=\"lazy\" decoding=\"async\" width=\"1100\" height=\"611\" src=\"https:\/\/i0.wp.com\/crater.cat\/wp-content\/uploads\/2023\/12\/Darwinmap13-scaled.jpg?resize=1100%2C611&#038;ssl=1\" class=\"attachment-post-thumbnail size-post-thumbnail wp-post-image\" alt=\"El viatge de Darwin, al detall\" style=\"object-fit:cover;\" srcset=\"https:\/\/i0.wp.com\/crater.cat\/wp-content\/uploads\/2023\/12\/Darwinmap13-scaled.jpg?w=2560&amp;ssl=1 2560w, https:\/\/i0.wp.com\/crater.cat\/wp-content\/uploads\/2023\/12\/Darwinmap13-scaled.jpg?resize=300%2C167&amp;ssl=1 300w, https:\/\/i0.wp.com\/crater.cat\/wp-content\/uploads\/2023\/12\/Darwinmap13-scaled.jpg?resize=1024%2C569&amp;ssl=1 1024w, https:\/\/i0.wp.com\/crater.cat\/wp-content\/uploads\/2023\/12\/Darwinmap13-scaled.jpg?resize=150%2C83&amp;ssl=1 150w, https:\/\/i0.wp.com\/crater.cat\/wp-content\/uploads\/2023\/12\/Darwinmap13-scaled.jpg?resize=768%2C427&amp;ssl=1 768w, https:\/\/i0.wp.com\/crater.cat\/wp-content\/uploads\/2023\/12\/Darwinmap13-scaled.jpg?resize=1536%2C854&amp;ssl=1 1536w, https:\/\/i0.wp.com\/crater.cat\/wp-content\/uploads\/2023\/12\/Darwinmap13-scaled.jpg?w=2200&amp;ssl=1 2200w\" sizes=\"auto, (max-width: 1100px) 100vw, 1100px\" data-attachment-id=\"1940\" data-permalink=\"https:\/\/crater.cat\/index.php\/2023\/12\/14\/el-viatge-de-darwin-al-detall\/darwinmap13\/\" data-orig-file=\"https:\/\/i0.wp.com\/crater.cat\/wp-content\/uploads\/2023\/12\/Darwinmap13-scaled.jpg?fit=2560%2C1423&amp;ssl=1\" data-orig-size=\"2560,1423\" data-comments-opened=\"1\" data-image-meta=\"{&quot;aperture&quot;:&quot;0&quot;,&quot;credit&quot;:&quot;&quot;,&quot;camera&quot;:&quot;&quot;,&quot;caption&quot;:&quot;&quot;,&quot;created_timestamp&quot;:&quot;0&quot;,&quot;copyright&quot;:&quot;&quot;,&quot;focal_length&quot;:&quot;0&quot;,&quot;iso&quot;:&quot;0&quot;,&quot;shutter_speed&quot;:&quot;0&quot;,&quot;title&quot;:&quot;&quot;,&quot;orientation&quot;:&quot;0&quot;}\" data-image-title=\"Mapa resumit d&amp;#8217;\u00abEl viatge del Beagle\u00bb\" data-image-description=\"&lt;p&gt;Mapa resumit d&amp;#8217;\u00abEl viatge del Beagle\u00bb&lt;\/p&gt;\n\" data-image-caption=\"&lt;p&gt;Mapa resumit d&amp;#8217;\u00abEl viatge del Beagle\u00bb&lt;\/p&gt;\n\" data-large-file=\"https:\/\/i0.wp.com\/crater.cat\/wp-content\/uploads\/2023\/12\/Darwinmap13-scaled.jpg?fit=1024%2C569&amp;ssl=1\" \/><\/a><\/figure><\/div>\n\n\n\n<div class=\"wp-block-column is-vertically-aligned-center is-layout-flow wp-block-column-is-layout-flow\" style=\"flex-basis:75%\"><h3 class=\"wp-block-post-title\"><a href=\"https:\/\/crater.cat\/index.php\/2023\/12\/14\/el-viatge-de-darwin-al-detall\/\" target=\"_self\" >El viatge de Darwin, al detall<\/a><\/h3><\/div>\n<\/div>\n\n<\/li><li class=\"wp-block-post post-1893 post type-post status-publish format-standard has-post-thumbnail hentry category-uncategorized\">\n\n<div class=\"wp-block-columns are-vertically-aligned-center is-layout-flex wp-container-core-columns-is-layout-9d6595d7 wp-block-columns-is-layout-flex\">\n<div class=\"wp-block-column is-vertically-aligned-center is-layout-flow wp-block-column-is-layout-flow\" style=\"flex-basis:25%\"><figure class=\"wp-block-post-featured-image\"><a href=\"https:\/\/crater.cat\/index.php\/2023\/11\/24\/els-ploms-de-venecia\/\" target=\"_self\"  ><img data-recalc-dims=\"1\" loading=\"lazy\" decoding=\"async\" width=\"1100\" height=\"963\" src=\"https:\/\/i0.wp.com\/crater.cat\/wp-content\/uploads\/2023\/11\/Spaccato_prospettico_delle_Prigioni_del_Palazzo_Ducale_di_Venezia.png?resize=1100%2C963&#038;ssl=1\" class=\"attachment-post-thumbnail size-post-thumbnail wp-post-image\" alt=\"Els Ploms de Ven\u00e8cia\" style=\"object-fit:cover;\" srcset=\"https:\/\/i0.wp.com\/crater.cat\/wp-content\/uploads\/2023\/11\/Spaccato_prospettico_delle_Prigioni_del_Palazzo_Ducale_di_Venezia.png?w=2352&amp;ssl=1 2352w, https:\/\/i0.wp.com\/crater.cat\/wp-content\/uploads\/2023\/11\/Spaccato_prospettico_delle_Prigioni_del_Palazzo_Ducale_di_Venezia.png?resize=300%2C263&amp;ssl=1 300w, https:\/\/i0.wp.com\/crater.cat\/wp-content\/uploads\/2023\/11\/Spaccato_prospettico_delle_Prigioni_del_Palazzo_Ducale_di_Venezia.png?resize=1024%2C897&amp;ssl=1 1024w, https:\/\/i0.wp.com\/crater.cat\/wp-content\/uploads\/2023\/11\/Spaccato_prospettico_delle_Prigioni_del_Palazzo_Ducale_di_Venezia.png?resize=150%2C131&amp;ssl=1 150w, https:\/\/i0.wp.com\/crater.cat\/wp-content\/uploads\/2023\/11\/Spaccato_prospettico_delle_Prigioni_del_Palazzo_Ducale_di_Venezia.png?resize=768%2C673&amp;ssl=1 768w, https:\/\/i0.wp.com\/crater.cat\/wp-content\/uploads\/2023\/11\/Spaccato_prospettico_delle_Prigioni_del_Palazzo_Ducale_di_Venezia.png?resize=1536%2C1345&amp;ssl=1 1536w, https:\/\/i0.wp.com\/crater.cat\/wp-content\/uploads\/2023\/11\/Spaccato_prospettico_delle_Prigioni_del_Palazzo_Ducale_di_Venezia.png?w=2200&amp;ssl=1 2200w\" sizes=\"auto, (max-width: 1100px) 100vw, 1100px\" data-attachment-id=\"1894\" data-permalink=\"https:\/\/crater.cat\/index.php\/2023\/11\/24\/els-ploms-de-venecia\/spaccato_prospettico_delle_prigioni_del_palazzo_ducale_di_venezia\/\" data-orig-file=\"https:\/\/i0.wp.com\/crater.cat\/wp-content\/uploads\/2023\/11\/Spaccato_prospettico_delle_Prigioni_del_Palazzo_Ducale_di_Venezia.png?fit=2352%2C2060&amp;ssl=1\" data-orig-size=\"2352,2060\" data-comments-opened=\"1\" data-image-meta=\"{&quot;aperture&quot;:&quot;0&quot;,&quot;credit&quot;:&quot;&quot;,&quot;camera&quot;:&quot;&quot;,&quot;caption&quot;:&quot;&quot;,&quot;created_timestamp&quot;:&quot;0&quot;,&quot;copyright&quot;:&quot;&quot;,&quot;focal_length&quot;:&quot;0&quot;,&quot;iso&quot;:&quot;0&quot;,&quot;shutter_speed&quot;:&quot;0&quot;,&quot;title&quot;:&quot;&quot;,&quot;orientation&quot;:&quot;0&quot;}\" data-image-title=\"Spaccato_prospettico_delle_Prigioni_del_Palazzo_Ducale_di_Venezia\" data-image-description=\"\" data-image-caption=\"\" data-large-file=\"https:\/\/i0.wp.com\/crater.cat\/wp-content\/uploads\/2023\/11\/Spaccato_prospettico_delle_Prigioni_del_Palazzo_Ducale_di_Venezia.png?fit=1024%2C897&amp;ssl=1\" \/><\/a><\/figure><\/div>\n\n\n\n<div class=\"wp-block-column is-vertically-aligned-center is-layout-flow wp-block-column-is-layout-flow\" style=\"flex-basis:75%\"><h3 class=\"wp-block-post-title\"><a href=\"https:\/\/crater.cat\/index.php\/2023\/11\/24\/els-ploms-de-venecia\/\" target=\"_self\" >Els Ploms de Ven\u00e8cia<\/a><\/h3><\/div>\n<\/div>\n\n<\/li><\/ul><\/div>\n","protected":false},"excerpt":{"rendered":"<p>Aqu\u00ed podeu descarregar-vos el cat\u00e0leg d&#8217;Edicions del Cr\u00e0ter. Els nostres llibres: Algunes entrades al blog:<\/p>\n","protected":false},"author":1,"featured_media":274,"parent":0,"menu_order":0,"comment_status":"closed","ping_status":"closed","template":"","meta":{"cybocfi_hide_featured_image":"yes","footnotes":""},"class_list":["post-2006","page","type-page","status-publish","has-post-thumbnail","hentry"],"aioseo_notices":[],"jetpack_sharing_enabled":true,"jetpack-related-posts":[{"id":189,"url":"https:\/\/crater.cat\/index.php\/colleccions\/","url_meta":{"origin":2006,"position":0},"title":"Col\u00b7leccions","author":"Edicions del Cr\u00e0ter","date":"15\/08\/2021","format":false,"excerpt":"[vc_row][vc_column][vc_column_text] Les col\u00b7leccions d\u2019Edicions del Cr\u00e0ter\u00a0s\u00f3n: Col\u00b7lecci\u00f3 Renart\u00a0de contes i relats curts: \u00a0 Col\u00b7lecci\u00f3 Magnetar\u00a0d\u2019escrits autobiogr\u00e0fics (cartes, diaris, cr\u00f2niques, viatges i novel\u00b7les autobiogr\u00e0fiques): \u00a0 Properament, comen\u00e7arem la col\u00b7lecci\u00f3 Mirall de novel\u00b7la. Aqu\u00ed podeu descarregar-vos el cat\u00e0leg d'Edicions del Cr\u00e0ter. \u00a0 \u00a0 \u00a0 [\/vc_column_text][\/vc_column][\/vc_row][vc_row][vc_column][\/vc_column][\/vc_row]","rel":"","context":"Entrada similar","block_context":{"text":"Entrada similar","link":""},"img":{"alt_text":"","src":"https:\/\/i0.wp.com\/crater.cat\/wp-content\/uploads\/2021\/09\/Crater-simbol-mida5.jpg?resize=350%2C200&ssl=1","width":350,"height":200,"srcset":"https:\/\/i0.wp.com\/crater.cat\/wp-content\/uploads\/2021\/09\/Crater-simbol-mida5.jpg?resize=350%2C200&ssl=1 1x, https:\/\/i0.wp.com\/crater.cat\/wp-content\/uploads\/2021\/09\/Crater-simbol-mida5.jpg?resize=525%2C300&ssl=1 1.5x"},"classes":[]},{"id":1667,"url":"https:\/\/crater.cat\/index.php\/logo\/","url_meta":{"origin":2006,"position":1},"title":"Logotip d&#8217;Edicions del Cr\u00e0ter","author":"Edicions del Cr\u00e0ter","date":"22\/05\/2023","format":false,"excerpt":"Aqu\u00ed podeu descarregar-vos el logotip d'Edicions del Cr\u00e0ter per fer els vostres cartells. Us l'oferim en dues versions, cadascuna en jpg i png: Logotip Edicions del Cr\u00e0ter - Horitzontal dues l\u00ednies Baixa Logotip Edicions del Cr\u00e0ter - Vertical centrat Baixa Si el necessiteu en un format diferent, si us plau,\u2026","rel":"","context":"Entrada similar","block_context":{"text":"Entrada similar","link":""},"img":{"alt_text":"","src":"","width":0,"height":0},"classes":[]},{"id":226,"url":"https:\/\/crater.cat\/index.php\/reemborsaments_devolucions\/","url_meta":{"origin":2006,"position":2},"title":"Pol\u00edtica de reemborsaments i devolucions","author":"Edicions del Cr\u00e0ter","date":"27\/10\/2021","format":false,"excerpt":"Les comandes es poden cancel\u00b7lar sense cap cost fins al moment en que l\u2019enviament es fa efectiu. Si rebem av\u00eds de cancel\u00b7laci\u00f3 un cop el paquet ja estigui enviat, es considerar\u00e0 una devoluci\u00f3. Edicions del Crater, SCP accepta les devolucions sota les condicions seg\u00fcents: Les devolucions poden fer-se fins a\u2026","rel":"","context":"Entrada similar","block_context":{"text":"Entrada similar","link":""},"img":{"alt_text":"","src":"","width":0,"height":0},"classes":[]},{"id":3,"url":"https:\/\/crater.cat\/index.php\/privacy-policy\/","url_meta":{"origin":2006,"position":3},"title":"Pol\u00edtica de privadesa","author":"Edicions del Cr\u00e0ter","date":"07\/04\/2021","format":false,"excerpt":"De conformitat amb el Reglament Europeu 2016\/679 (RGPD) del Parlament Europeu i del Consell de 27 d'abril de 2016 relatiu a la protecci\u00f3 de les persones f\u00edsiques pel que fa al tractament de dades personals i a la lliure circulaci\u00f3 d'aquestes dades, i la LLei 3\/2018 (LOPD-GDD) de Protecci\u00f3 de\u2026","rel":"","context":"Entrada similar","block_context":{"text":"Entrada similar","link":""},"img":{"alt_text":"","src":"","width":0,"height":0},"classes":[]},{"id":110,"url":"https:\/\/crater.cat\/index.php\/contacte\/","url_meta":{"origin":2006,"position":4},"title":"Contacte","author":"Edicions del Cr\u00e0ter","date":"12\/08\/2021","format":false,"excerpt":"Per qualsevol tema relacionat amb la tasca editorial, propostes, informaci\u00f3 sobre la distribuci\u00f3, etc., podeu fer servir el formulari de sota o les adreces de continuaci\u00f3. Contacte Edicions del Cr\u00e0ter, SCP info@crater.cat twitter: @crateredicions instagram: @edicionsdelcrater Distribuci\u00f3 UDL Libros https:\/\/www.udllibros.com info@udllibros.com 932 26 27 64 Originals Edicions del Cr\u00e0ter es\u2026","rel":"","context":"Entrada similar","block_context":{"text":"Entrada similar","link":""},"img":{"alt_text":"","src":"","width":0,"height":0},"classes":[]},{"id":107,"url":"https:\/\/crater.cat\/index.php\/qui-som\/","url_meta":{"origin":2006,"position":5},"title":"El cr\u00e0ter","author":"Edicions del Cr\u00e0ter","date":"12\/08\/2021","format":false,"excerpt":"Edicions del Cr\u00e0ter \u00e9s un projecte independent que neix per publicar llibres en catal\u00e0, ja siguin traduccions com autors del pa\u00eds, d\u2019autors que han deixat una empremta en la hist\u00f2ria de les lletres i que segueixen dialogant amb el nostre present. La voluntat \u00e9s fer-ho amb un catal\u00e0 contemporani que\u2026","rel":"","context":"Entrada similar","block_context":{"text":"Entrada similar","link":""},"img":{"alt_text":"","src":"https:\/\/i0.wp.com\/crater.cat\/wp-content\/uploads\/2021\/09\/Crater-logo-V2L-C-AAFF-5.jpg?resize=350%2C200&ssl=1","width":350,"height":200,"srcset":"https:\/\/i0.wp.com\/crater.cat\/wp-content\/uploads\/2021\/09\/Crater-logo-V2L-C-AAFF-5.jpg?resize=350%2C200&ssl=1 1x, https:\/\/i0.wp.com\/crater.cat\/wp-content\/uploads\/2021\/09\/Crater-logo-V2L-C-AAFF-5.jpg?resize=525%2C300&ssl=1 1.5x, https:\/\/i0.wp.com\/crater.cat\/wp-content\/uploads\/2021\/09\/Crater-logo-V2L-C-AAFF-5.jpg?resize=700%2C400&ssl=1 2x, https:\/\/i0.wp.com\/crater.cat\/wp-content\/uploads\/2021\/09\/Crater-logo-V2L-C-AAFF-5.jpg?resize=1050%2C600&ssl=1 3x"},"classes":[]}],"jetpack_shortlink":"https:\/\/wp.me\/PcY4IF-wm","_links":{"self":[{"href":"https:\/\/crater.cat\/index.php\/wp-json\/wp\/v2\/pages\/2006","targetHints":{"allow":["GET"]}}],"collection":[{"href":"https:\/\/crater.cat\/index.php\/wp-json\/wp\/v2\/pages"}],"about":[{"href":"https:\/\/crater.cat\/index.php\/wp-json\/wp\/v2\/types\/page"}],"author":[{"embeddable":true,"href":"https:\/\/crater.cat\/index.php\/wp-json\/wp\/v2\/users\/1"}],"replies":[{"embeddable":true,"href":"https:\/\/crater.cat\/index.php\/wp-json\/wp\/v2\/comments?post=2006"}],"version-history":[{"count":10,"href":"https:\/\/crater.cat\/index.php\/wp-json\/wp\/v2\/pages\/2006\/revisions"}],"predecessor-version":[{"id":2298,"href":"https:\/\/crater.cat\/index.php\/wp-json\/wp\/v2\/pages\/2006\/revisions\/2298"}],"wp:featuredmedia":[{"embeddable":true,"href":"https:\/\/crater.cat\/index.php\/wp-json\/wp\/v2\/media\/274"}],"wp:attachment":[{"href":"https:\/\/crater.cat\/index.php\/wp-json\/wp\/v2\/media?parent=2006"}],"curies":[{"name":"wp","href":"https:\/\/api.w.org\/{rel}","templated":true}]}}