{"id":40,"date":"2021-04-07T19:55:15","date_gmt":"2021-04-07T17:55:15","guid":{"rendered":"https:\/\/crater.cat\/?page_id=40"},"modified":"2023-03-25T20:04:28","modified_gmt":"2023-03-25T19:04:28","slug":"renart","status":"publish","type":"page","link":"https:\/\/crater.cat\/index.php\/renart\/","title":{"rendered":"Renart"},"content":{"rendered":"\n<div class=\"wp-block-columns is-layout-flex wp-container-core-columns-is-layout-9d6595d7 wp-block-columns-is-layout-flex\">\n<div class=\"wp-block-column is-layout-flow wp-block-column-is-layout-flow\" style=\"flex-basis:66.66%\"><div data-block-name=\"woocommerce\/product-category\" data-categories=\"[17]\" data-content-visibility=\"{&quot;image&quot;:true,&quot;title&quot;:true,&quot;price&quot;:true,&quot;rating&quot;:true,&quot;button&quot;:false}\" data-stock-status=\"[&quot;&quot;,&quot;instock&quot;,&quot;outofstock&quot;,&quot;onbackorder&quot;]\" class=\"wc-block-grid wp-block-product-category wp-block-woocommerce-product-category wc-block-product-category has-3-columns has-multiple-rows\"><ul class=\"wc-block-grid__products\"><li class=\"wc-block-grid__product\">\n\t\t\t\t<a href=\"https:\/\/crater.cat\/index.php\/producte\/3003\/\" class=\"wc-block-grid__product-link\">\n\t\t\t\t\t\n\t\t\t\t\t<div class=\"wc-block-grid__product-image\"><img loading=\"lazy\" decoding=\"async\" width=\"1288\" height=\"2048\" src=\"https:\/\/i0.wp.com\/crater.cat\/wp-content\/uploads\/2025\/03\/9-aaff_EL-SETGE-DE-SEBASTOPOL-scaled.webp?fit=1288%2C2048&amp;ssl=1\" class=\"attachment-woocommerce_thumbnail size-woocommerce_thumbnail\" alt=\"EL-SETGE-DE-SEBASTOPOL\" srcset=\"https:\/\/i0.wp.com\/crater.cat\/wp-content\/uploads\/2025\/03\/9-aaff_EL-SETGE-DE-SEBASTOPOL-scaled.webp?w=1288&amp;ssl=1 1288w, https:\/\/i0.wp.com\/crater.cat\/wp-content\/uploads\/2025\/03\/9-aaff_EL-SETGE-DE-SEBASTOPOL-scaled.webp?resize=189%2C300&amp;ssl=1 189w, https:\/\/i0.wp.com\/crater.cat\/wp-content\/uploads\/2025\/03\/9-aaff_EL-SETGE-DE-SEBASTOPOL-scaled.webp?resize=644%2C1024&amp;ssl=1 644w, https:\/\/i0.wp.com\/crater.cat\/wp-content\/uploads\/2025\/03\/9-aaff_EL-SETGE-DE-SEBASTOPOL-scaled.webp?resize=94%2C150&amp;ssl=1 94w, https:\/\/i0.wp.com\/crater.cat\/wp-content\/uploads\/2025\/03\/9-aaff_EL-SETGE-DE-SEBASTOPOL-scaled.webp?resize=768%2C1221&amp;ssl=1 768w, https:\/\/i0.wp.com\/crater.cat\/wp-content\/uploads\/2025\/03\/9-aaff_EL-SETGE-DE-SEBASTOPOL-scaled.webp?resize=966%2C1536&amp;ssl=1 966w\" sizes=\"auto, (max-width: 1100px) 100vw, 1100px\" data-attachment-id=\"3004\" data-permalink=\"https:\/\/crater.cat\/?attachment_id=3004\" data-orig-file=\"https:\/\/i0.wp.com\/crater.cat\/wp-content\/uploads\/2025\/03\/9-aaff_EL-SETGE-DE-SEBASTOPOL-scaled.webp?fit=1288%2C2048&amp;ssl=1\" data-orig-size=\"1288,2048\" data-comments-opened=\"0\" data-image-meta=\"{&quot;aperture&quot;:&quot;0&quot;,&quot;credit&quot;:&quot;&quot;,&quot;camera&quot;:&quot;&quot;,&quot;caption&quot;:&quot;&quot;,&quot;created_timestamp&quot;:&quot;0&quot;,&quot;copyright&quot;:&quot;&quot;,&quot;focal_length&quot;:&quot;0&quot;,&quot;iso&quot;:&quot;0&quot;,&quot;shutter_speed&quot;:&quot;0&quot;,&quot;title&quot;:&quot;&quot;,&quot;orientation&quot;:&quot;0&quot;}\" data-image-title=\"EL-SETGE-DE-SEBASTOPOL\" data-image-description=\"&lt;p&gt;EL-SETGE-DE-SEBASTOPOL&lt;\/p&gt;\n\" data-image-caption=\"&lt;p&gt;EL-SETGE-DE-SEBASTOPOL&lt;\/p&gt;\n\" data-large-file=\"https:\/\/i0.wp.com\/crater.cat\/wp-content\/uploads\/2025\/03\/9-aaff_EL-SETGE-DE-SEBASTOPOL-scaled.webp?fit=644%2C1024&amp;ssl=1\" \/><\/div>\n\t\t\t\t\t<div class=\"wc-block-grid__product-title\">El setge de Sebast\u00f2pol<\/div>\n\t\t\t\t<\/a>\n\t\t\t\t<div class=\"wc-block-grid__product-price price\"><span class=\"woocommerce-Price-amount amount\">19,90<span class=\"woocommerce-Price-currencySymbol\">&euro;<\/span><\/span><\/div>\n\t\t\t\t\n\t\t\t\t\n\t\t\t<\/li><li class=\"wc-block-grid__product\">\n\t\t\t\t<a href=\"https:\/\/crater.cat\/index.php\/producte\/onnagata-i-altres-contes\/\" class=\"wc-block-grid__product-link\">\n\t\t\t\t\t\n\t\t\t\t\t<div class=\"wc-block-grid__product-image\"><img loading=\"lazy\" decoding=\"async\" width=\"720\" height=\"1146\" src=\"https:\/\/i0.wp.com\/crater.cat\/wp-content\/uploads\/2024\/10\/8-COBERTA-ONNAGATA_webp.webp?fit=720%2C1146&amp;ssl=1\" class=\"attachment-woocommerce_thumbnail size-woocommerce_thumbnail\" alt=\"Onnagata i altres contes Mishima\" srcset=\"https:\/\/i0.wp.com\/crater.cat\/wp-content\/uploads\/2024\/10\/8-COBERTA-ONNAGATA_webp.webp?w=720&amp;ssl=1 720w, https:\/\/i0.wp.com\/crater.cat\/wp-content\/uploads\/2024\/10\/8-COBERTA-ONNAGATA_webp.webp?resize=188%2C300&amp;ssl=1 188w, https:\/\/i0.wp.com\/crater.cat\/wp-content\/uploads\/2024\/10\/8-COBERTA-ONNAGATA_webp.webp?resize=643%2C1024&amp;ssl=1 643w, https:\/\/i0.wp.com\/crater.cat\/wp-content\/uploads\/2024\/10\/8-COBERTA-ONNAGATA_webp.webp?resize=94%2C150&amp;ssl=1 94w\" sizes=\"auto, (max-width: 720px) 100vw, 720px\" data-attachment-id=\"2732\" data-permalink=\"https:\/\/crater.cat\/?attachment_id=2732\" data-orig-file=\"https:\/\/i0.wp.com\/crater.cat\/wp-content\/uploads\/2024\/10\/8-COBERTA-ONNAGATA_webp.webp?fit=720%2C1146&amp;ssl=1\" data-orig-size=\"720,1146\" data-comments-opened=\"0\" data-image-meta=\"{&quot;aperture&quot;:&quot;0&quot;,&quot;credit&quot;:&quot;&quot;,&quot;camera&quot;:&quot;&quot;,&quot;caption&quot;:&quot;&quot;,&quot;created_timestamp&quot;:&quot;0&quot;,&quot;copyright&quot;:&quot;&quot;,&quot;focal_length&quot;:&quot;0&quot;,&quot;iso&quot;:&quot;0&quot;,&quot;shutter_speed&quot;:&quot;0&quot;,&quot;title&quot;:&quot;&quot;,&quot;orientation&quot;:&quot;0&quot;}\" data-image-title=\"Onnagata i altres contes Mishima\" data-image-description=\"&lt;p&gt;Onnagata i altres contes Mishima&lt;\/p&gt;\n\" data-image-caption=\"\" data-large-file=\"https:\/\/i0.wp.com\/crater.cat\/wp-content\/uploads\/2024\/10\/8-COBERTA-ONNAGATA_webp.webp?fit=643%2C1024&amp;ssl=1\" \/><\/div>\n\t\t\t\t\t<div class=\"wc-block-grid__product-title\">Onnagata i altres contes<\/div>\n\t\t\t\t<\/a>\n\t\t\t\t<div class=\"wc-block-grid__product-price price\"><span class=\"woocommerce-Price-amount amount\">21,90<span class=\"woocommerce-Price-currencySymbol\">&euro;<\/span><\/span><\/div>\n\t\t\t\t\n\t\t\t\t\n\t\t\t<\/li><li class=\"wc-block-grid__product\">\n\t\t\t\t<a href=\"https:\/\/crater.cat\/index.php\/producte\/pinya-de-rosa\/\" class=\"wc-block-grid__product-link\">\n\t\t\t\t\t\n\t\t\t\t\t<div class=\"wc-block-grid__product-image\"><img loading=\"lazy\" decoding=\"async\" width=\"1441\" height=\"2291\" src=\"https:\/\/i0.wp.com\/crater.cat\/wp-content\/uploads\/2024\/02\/FRONTAL_PINYA_DE_ROSA_Ombra.webp?fit=1441%2C2291&amp;ssl=1\" class=\"attachment-woocommerce_thumbnail size-woocommerce_thumbnail\" alt=\"PINYA_DE_ROSA\" srcset=\"https:\/\/i0.wp.com\/crater.cat\/wp-content\/uploads\/2024\/02\/FRONTAL_PINYA_DE_ROSA_Ombra.webp?w=1441&amp;ssl=1 1441w, https:\/\/i0.wp.com\/crater.cat\/wp-content\/uploads\/2024\/02\/FRONTAL_PINYA_DE_ROSA_Ombra.webp?resize=189%2C300&amp;ssl=1 189w, https:\/\/i0.wp.com\/crater.cat\/wp-content\/uploads\/2024\/02\/FRONTAL_PINYA_DE_ROSA_Ombra.webp?resize=644%2C1024&amp;ssl=1 644w, https:\/\/i0.wp.com\/crater.cat\/wp-content\/uploads\/2024\/02\/FRONTAL_PINYA_DE_ROSA_Ombra.webp?resize=94%2C150&amp;ssl=1 94w, https:\/\/i0.wp.com\/crater.cat\/wp-content\/uploads\/2024\/02\/FRONTAL_PINYA_DE_ROSA_Ombra.webp?resize=768%2C1221&amp;ssl=1 768w, https:\/\/i0.wp.com\/crater.cat\/wp-content\/uploads\/2024\/02\/FRONTAL_PINYA_DE_ROSA_Ombra.webp?resize=966%2C1536&amp;ssl=1 966w, https:\/\/i0.wp.com\/crater.cat\/wp-content\/uploads\/2024\/02\/FRONTAL_PINYA_DE_ROSA_Ombra.webp?resize=1288%2C2048&amp;ssl=1 1288w\" sizes=\"auto, (max-width: 1100px) 100vw, 1100px\" data-attachment-id=\"2001\" data-permalink=\"https:\/\/crater.cat\/?attachment_id=2001\" data-orig-file=\"https:\/\/i0.wp.com\/crater.cat\/wp-content\/uploads\/2024\/02\/FRONTAL_PINYA_DE_ROSA_Ombra.webp?fit=1441%2C2291&amp;ssl=1\" data-orig-size=\"1441,2291\" data-comments-opened=\"1\" data-image-meta=\"{&quot;aperture&quot;:&quot;0&quot;,&quot;credit&quot;:&quot;&quot;,&quot;camera&quot;:&quot;&quot;,&quot;caption&quot;:&quot;&quot;,&quot;created_timestamp&quot;:&quot;0&quot;,&quot;copyright&quot;:&quot;&quot;,&quot;focal_length&quot;:&quot;0&quot;,&quot;iso&quot;:&quot;0&quot;,&quot;shutter_speed&quot;:&quot;0&quot;,&quot;title&quot;:&quot;&quot;,&quot;orientation&quot;:&quot;0&quot;}\" data-image-title=\"FRONTAL_PINYA_DE_ROSA_Ombra\" data-image-description=\"&lt;p&gt;PINYA_DE_ROSA Marines i boscatges&lt;\/p&gt;\n\" data-image-caption=\"&lt;p&gt;PINYA_DE_ROSA&lt;\/p&gt;\n\" data-large-file=\"https:\/\/i0.wp.com\/crater.cat\/wp-content\/uploads\/2024\/02\/FRONTAL_PINYA_DE_ROSA_Ombra.webp?fit=644%2C1024&amp;ssl=1\" \/><\/div>\n\t\t\t\t\t<div class=\"wc-block-grid__product-title\">Pinya de rosa<\/div>\n\t\t\t\t<\/a>\n\t\t\t\t<div class=\"wc-block-grid__product-price price\"><span class=\"woocommerce-Price-amount amount\">22,90<span class=\"woocommerce-Price-currencySymbol\">&euro;<\/span><\/span><\/div>\n\t\t\t\t\n\t\t\t\t\n\t\t\t<\/li><li class=\"wc-block-grid__product\">\n\t\t\t\t<a href=\"https:\/\/crater.cat\/index.php\/producte\/el-mar-no-banya-napols\/\" class=\"wc-block-grid__product-link\">\n\t\t\t\t\t\n\t\t\t\t\t<div class=\"wc-block-grid__product-image\"><img loading=\"lazy\" decoding=\"async\" width=\"720\" height=\"1146\" src=\"https:\/\/i0.wp.com\/crater.cat\/wp-content\/uploads\/2024\/03\/COBERTA-MAR-NO-BANYA-NAPOLS-baixa-webp.webp?fit=720%2C1146&amp;ssl=1\" class=\"attachment-woocommerce_thumbnail size-woocommerce_thumbnail\" alt=\"Ortese - El mar no banya N\u00e0pols\" srcset=\"https:\/\/i0.wp.com\/crater.cat\/wp-content\/uploads\/2024\/03\/COBERTA-MAR-NO-BANYA-NAPOLS-baixa-webp.webp?w=720&amp;ssl=1 720w, https:\/\/i0.wp.com\/crater.cat\/wp-content\/uploads\/2024\/03\/COBERTA-MAR-NO-BANYA-NAPOLS-baixa-webp.webp?resize=188%2C300&amp;ssl=1 188w, https:\/\/i0.wp.com\/crater.cat\/wp-content\/uploads\/2024\/03\/COBERTA-MAR-NO-BANYA-NAPOLS-baixa-webp.webp?resize=643%2C1024&amp;ssl=1 643w, https:\/\/i0.wp.com\/crater.cat\/wp-content\/uploads\/2024\/03\/COBERTA-MAR-NO-BANYA-NAPOLS-baixa-webp.webp?resize=94%2C150&amp;ssl=1 94w\" sizes=\"auto, (max-width: 720px) 100vw, 720px\" data-attachment-id=\"2051\" data-permalink=\"https:\/\/crater.cat\/coberta-mar-no-banya-napols-baixa-webp\/\" data-orig-file=\"https:\/\/i0.wp.com\/crater.cat\/wp-content\/uploads\/2024\/03\/COBERTA-MAR-NO-BANYA-NAPOLS-baixa-webp.webp?fit=720%2C1146&amp;ssl=1\" data-orig-size=\"720,1146\" data-comments-opened=\"1\" data-image-meta=\"{&quot;aperture&quot;:&quot;0&quot;,&quot;credit&quot;:&quot;&quot;,&quot;camera&quot;:&quot;&quot;,&quot;caption&quot;:&quot;&quot;,&quot;created_timestamp&quot;:&quot;0&quot;,&quot;copyright&quot;:&quot;&quot;,&quot;focal_length&quot;:&quot;0&quot;,&quot;iso&quot;:&quot;0&quot;,&quot;shutter_speed&quot;:&quot;0&quot;,&quot;title&quot;:&quot;&quot;,&quot;orientation&quot;:&quot;0&quot;}\" data-image-title=\"Ortese &amp;#8211; El mar no banya N\u00e0pols\" data-image-description=\"&lt;p&gt;Ortese &amp;#8211; El mar no banya N\u00e0pols&lt;\/p&gt;\n\" data-image-caption=\"&lt;p&gt;Ortese &amp;#8211; El mar no banya N\u00e0pols&lt;\/p&gt;\n\" data-large-file=\"https:\/\/i0.wp.com\/crater.cat\/wp-content\/uploads\/2024\/03\/COBERTA-MAR-NO-BANYA-NAPOLS-baixa-webp.webp?fit=643%2C1024&amp;ssl=1\" \/><\/div>\n\t\t\t\t\t<div class=\"wc-block-grid__product-title\">El mar no banya N\u00e0pols<\/div>\n\t\t\t\t<\/a>\n\t\t\t\t<div class=\"wc-block-grid__product-price price\"><span class=\"woocommerce-Price-amount amount\">20,90<span class=\"woocommerce-Price-currencySymbol\">&euro;<\/span><\/span><\/div>\n\t\t\t\t\n\t\t\t\t\n\t\t\t<\/li><li class=\"wc-block-grid__product\">\n\t\t\t\t<a href=\"https:\/\/crater.cat\/index.php\/producte\/el-trente-any\/\" class=\"wc-block-grid__product-link\">\n\t\t\t\t\t\n\t\t\t\t\t<div class=\"wc-block-grid__product-image\"><img loading=\"lazy\" decoding=\"async\" width=\"720\" height=\"1145\" src=\"https:\/\/i0.wp.com\/crater.cat\/wp-content\/uploads\/2023\/03\/COBERTA-EL-TRENTE-ANY-baixa-webp.webp?fit=720%2C1145&amp;ssl=1\" class=\"attachment-woocommerce_thumbnail size-woocommerce_thumbnail\" alt=\"Ingeborg Bachmann - El trent\u00e8 any\" srcset=\"https:\/\/i0.wp.com\/crater.cat\/wp-content\/uploads\/2023\/03\/COBERTA-EL-TRENTE-ANY-baixa-webp.webp?w=720&amp;ssl=1 720w, https:\/\/i0.wp.com\/crater.cat\/wp-content\/uploads\/2023\/03\/COBERTA-EL-TRENTE-ANY-baixa-webp.webp?resize=189%2C300&amp;ssl=1 189w, https:\/\/i0.wp.com\/crater.cat\/wp-content\/uploads\/2023\/03\/COBERTA-EL-TRENTE-ANY-baixa-webp.webp?resize=644%2C1024&amp;ssl=1 644w, https:\/\/i0.wp.com\/crater.cat\/wp-content\/uploads\/2023\/03\/COBERTA-EL-TRENTE-ANY-baixa-webp.webp?resize=94%2C150&amp;ssl=1 94w\" sizes=\"auto, (max-width: 720px) 100vw, 720px\" data-attachment-id=\"2052\" data-permalink=\"https:\/\/crater.cat\/?attachment_id=2052\" data-orig-file=\"https:\/\/i0.wp.com\/crater.cat\/wp-content\/uploads\/2023\/03\/COBERTA-EL-TRENTE-ANY-baixa-webp.webp?fit=720%2C1145&amp;ssl=1\" data-orig-size=\"720,1145\" data-comments-opened=\"1\" data-image-meta=\"{&quot;aperture&quot;:&quot;0&quot;,&quot;credit&quot;:&quot;&quot;,&quot;camera&quot;:&quot;&quot;,&quot;caption&quot;:&quot;&quot;,&quot;created_timestamp&quot;:&quot;0&quot;,&quot;copyright&quot;:&quot;&quot;,&quot;focal_length&quot;:&quot;0&quot;,&quot;iso&quot;:&quot;0&quot;,&quot;shutter_speed&quot;:&quot;0&quot;,&quot;title&quot;:&quot;&quot;,&quot;orientation&quot;:&quot;0&quot;}\" data-image-title=\"Ingeborg Bachmann &amp;#8211; El trent\u00e8 any\" data-image-description=\"&lt;p&gt;Ingeborg Bachmann &amp;#8211; El trent\u00e8 any&lt;\/p&gt;\n\" data-image-caption=\"&lt;p&gt;Ingeborg Bachmann &amp;#8211; El trent\u00e8 any&lt;\/p&gt;\n\" data-large-file=\"https:\/\/i0.wp.com\/crater.cat\/wp-content\/uploads\/2023\/03\/COBERTA-EL-TRENTE-ANY-baixa-webp.webp?fit=644%2C1024&amp;ssl=1\" \/><\/div>\n\t\t\t\t\t<div class=\"wc-block-grid__product-title\">El trent\u00e8 any<\/div>\n\t\t\t\t<\/a>\n\t\t\t\t<div class=\"wc-block-grid__product-price price\"><span class=\"woocommerce-Price-amount amount\">20,90<span class=\"woocommerce-Price-currencySymbol\">&euro;<\/span><\/span><\/div>\n\t\t\t\t\n\t\t\t\t\n\t\t\t<\/li><li class=\"wc-block-grid__product\">\n\t\t\t\t<a href=\"https:\/\/crater.cat\/index.php\/producte\/en-el-nostre-temps\/\" class=\"wc-block-grid__product-link\">\n\t\t\t\t\t\n\t\t\t\t\t<div class=\"wc-block-grid__product-image\"><img loading=\"lazy\" decoding=\"async\" width=\"720\" height=\"1145\" src=\"https:\/\/i0.wp.com\/crater.cat\/wp-content\/uploads\/2022\/09\/COBERTA-EN-EL-NOSTRE-TEMPS_baixa-webp.webp?fit=720%2C1145&amp;ssl=1\" class=\"attachment-woocommerce_thumbnail size-woocommerce_thumbnail\" alt=\"Hemingway - En el nostre temps\" srcset=\"https:\/\/i0.wp.com\/crater.cat\/wp-content\/uploads\/2022\/09\/COBERTA-EN-EL-NOSTRE-TEMPS_baixa-webp.webp?w=720&amp;ssl=1 720w, https:\/\/i0.wp.com\/crater.cat\/wp-content\/uploads\/2022\/09\/COBERTA-EN-EL-NOSTRE-TEMPS_baixa-webp.webp?resize=189%2C300&amp;ssl=1 189w, https:\/\/i0.wp.com\/crater.cat\/wp-content\/uploads\/2022\/09\/COBERTA-EN-EL-NOSTRE-TEMPS_baixa-webp.webp?resize=644%2C1024&amp;ssl=1 644w, https:\/\/i0.wp.com\/crater.cat\/wp-content\/uploads\/2022\/09\/COBERTA-EN-EL-NOSTRE-TEMPS_baixa-webp.webp?resize=94%2C150&amp;ssl=1 94w\" sizes=\"auto, (max-width: 720px) 100vw, 720px\" data-attachment-id=\"2054\" data-permalink=\"https:\/\/crater.cat\/?attachment_id=2054\" data-orig-file=\"https:\/\/i0.wp.com\/crater.cat\/wp-content\/uploads\/2022\/09\/COBERTA-EN-EL-NOSTRE-TEMPS_baixa-webp.webp?fit=720%2C1145&amp;ssl=1\" data-orig-size=\"720,1145\" data-comments-opened=\"1\" data-image-meta=\"{&quot;aperture&quot;:&quot;0&quot;,&quot;credit&quot;:&quot;&quot;,&quot;camera&quot;:&quot;&quot;,&quot;caption&quot;:&quot;&quot;,&quot;created_timestamp&quot;:&quot;0&quot;,&quot;copyright&quot;:&quot;&quot;,&quot;focal_length&quot;:&quot;0&quot;,&quot;iso&quot;:&quot;0&quot;,&quot;shutter_speed&quot;:&quot;0&quot;,&quot;title&quot;:&quot;&quot;,&quot;orientation&quot;:&quot;0&quot;}\" data-image-title=\"Hemingway &amp;#8211; En el nostre temps\" data-image-description=\"&lt;p&gt;Hemingway &amp;#8211; En el nostre temps&lt;\/p&gt;\n\" data-image-caption=\"&lt;p&gt;Hemingway &amp;#8211; En el nostre temps&lt;\/p&gt;\n\" data-large-file=\"https:\/\/i0.wp.com\/crater.cat\/wp-content\/uploads\/2022\/09\/COBERTA-EN-EL-NOSTRE-TEMPS_baixa-webp.webp?fit=644%2C1024&amp;ssl=1\" \/><\/div>\n\t\t\t\t\t<div class=\"wc-block-grid__product-title\">En el nostre temps<\/div>\n\t\t\t\t<\/a>\n\t\t\t\t<div class=\"wc-block-grid__product-price price\"><span class=\"woocommerce-Price-amount amount\">18,90<span class=\"woocommerce-Price-currencySymbol\">&euro;<\/span><\/span><\/div>\n\t\t\t\t\n\t\t\t\t\n\t\t\t<\/li><li class=\"wc-block-grid__product\">\n\t\t\t\t<a href=\"https:\/\/crater.cat\/index.php\/producte\/les-mascares-del-desti\/\" class=\"wc-block-grid__product-link\">\n\t\t\t\t\t\n\t\t\t\t\t<div class=\"wc-block-grid__product-image\"><img loading=\"lazy\" decoding=\"async\" width=\"721\" height=\"1146\" src=\"https:\/\/i0.wp.com\/crater.cat\/wp-content\/uploads\/2022\/06\/Portada-Les-mascares-del-desti-Webp.webp?fit=721%2C1146&amp;ssl=1\" class=\"attachment-woocommerce_thumbnail size-woocommerce_thumbnail\" alt=\"Florbela Espanca - Les m\u00e0scares del dest\u00ed\" srcset=\"https:\/\/i0.wp.com\/crater.cat\/wp-content\/uploads\/2022\/06\/Portada-Les-mascares-del-desti-Webp.webp?w=721&amp;ssl=1 721w, https:\/\/i0.wp.com\/crater.cat\/wp-content\/uploads\/2022\/06\/Portada-Les-mascares-del-desti-Webp.webp?resize=189%2C300&amp;ssl=1 189w, https:\/\/i0.wp.com\/crater.cat\/wp-content\/uploads\/2022\/06\/Portada-Les-mascares-del-desti-Webp.webp?resize=644%2C1024&amp;ssl=1 644w, https:\/\/i0.wp.com\/crater.cat\/wp-content\/uploads\/2022\/06\/Portada-Les-mascares-del-desti-Webp.webp?resize=94%2C150&amp;ssl=1 94w\" sizes=\"auto, (max-width: 721px) 100vw, 721px\" data-attachment-id=\"2055\" data-permalink=\"https:\/\/crater.cat\/?attachment_id=2055\" data-orig-file=\"https:\/\/i0.wp.com\/crater.cat\/wp-content\/uploads\/2022\/06\/Portada-Les-mascares-del-desti-Webp.webp?fit=721%2C1146&amp;ssl=1\" data-orig-size=\"721,1146\" data-comments-opened=\"1\" data-image-meta=\"{&quot;aperture&quot;:&quot;0&quot;,&quot;credit&quot;:&quot;&quot;,&quot;camera&quot;:&quot;&quot;,&quot;caption&quot;:&quot;&quot;,&quot;created_timestamp&quot;:&quot;0&quot;,&quot;copyright&quot;:&quot;&quot;,&quot;focal_length&quot;:&quot;0&quot;,&quot;iso&quot;:&quot;0&quot;,&quot;shutter_speed&quot;:&quot;0&quot;,&quot;title&quot;:&quot;&quot;,&quot;orientation&quot;:&quot;0&quot;}\" data-image-title=\"Florbela Espanca &amp;#8211; Les m\u00e0scares del dest\u00ed\" data-image-description=\"&lt;p&gt;Florbela Espanca &amp;#8211; Les m\u00e0scares del dest\u00ed&lt;\/p&gt;\n\" data-image-caption=\"&lt;p&gt;Florbela Espanca &amp;#8211; Les m\u00e0scares del dest\u00ed&lt;\/p&gt;\n\" data-large-file=\"https:\/\/i0.wp.com\/crater.cat\/wp-content\/uploads\/2022\/06\/Portada-Les-mascares-del-desti-Webp.webp?fit=644%2C1024&amp;ssl=1\" \/><\/div>\n\t\t\t\t\t<div class=\"wc-block-grid__product-title\">Les m\u00e0scares del dest\u00ed<\/div>\n\t\t\t\t<\/a>\n\t\t\t\t<div class=\"wc-block-grid__product-price price\"><span class=\"woocommerce-Price-amount amount\">15,90<span class=\"woocommerce-Price-currencySymbol\">&euro;<\/span><\/span><\/div>\n\t\t\t\t\n\t\t\t\t\n\t\t\t<\/li><li class=\"wc-block-grid__product\">\n\t\t\t\t<a href=\"https:\/\/crater.cat\/index.php\/producte\/els-arbres-de-lorgull\/\" class=\"wc-block-grid__product-link\">\n\t\t\t\t\t\n\t\t\t\t\t<div class=\"wc-block-grid__product-image\"><img loading=\"lazy\" decoding=\"async\" width=\"720\" height=\"1146\" src=\"https:\/\/i0.wp.com\/crater.cat\/wp-content\/uploads\/2022\/02\/portada-ARBRES-DE-LORGULL_BAIXA-webp.webp?fit=720%2C1146&amp;ssl=1\" class=\"attachment-woocommerce_thumbnail size-woocommerce_thumbnail\" alt=\"Chesterton - Els arbres de l&#039;orgull\" srcset=\"https:\/\/i0.wp.com\/crater.cat\/wp-content\/uploads\/2022\/02\/portada-ARBRES-DE-LORGULL_BAIXA-webp.webp?w=720&amp;ssl=1 720w, https:\/\/i0.wp.com\/crater.cat\/wp-content\/uploads\/2022\/02\/portada-ARBRES-DE-LORGULL_BAIXA-webp.webp?resize=188%2C300&amp;ssl=1 188w, https:\/\/i0.wp.com\/crater.cat\/wp-content\/uploads\/2022\/02\/portada-ARBRES-DE-LORGULL_BAIXA-webp.webp?resize=643%2C1024&amp;ssl=1 643w, https:\/\/i0.wp.com\/crater.cat\/wp-content\/uploads\/2022\/02\/portada-ARBRES-DE-LORGULL_BAIXA-webp.webp?resize=94%2C150&amp;ssl=1 94w\" sizes=\"auto, (max-width: 720px) 100vw, 720px\" data-attachment-id=\"2058\" data-permalink=\"https:\/\/crater.cat\/?attachment_id=2058\" data-orig-file=\"https:\/\/i0.wp.com\/crater.cat\/wp-content\/uploads\/2022\/02\/portada-ARBRES-DE-LORGULL_BAIXA-webp.webp?fit=720%2C1146&amp;ssl=1\" data-orig-size=\"720,1146\" data-comments-opened=\"1\" data-image-meta=\"{&quot;aperture&quot;:&quot;0&quot;,&quot;credit&quot;:&quot;&quot;,&quot;camera&quot;:&quot;&quot;,&quot;caption&quot;:&quot;&quot;,&quot;created_timestamp&quot;:&quot;0&quot;,&quot;copyright&quot;:&quot;&quot;,&quot;focal_length&quot;:&quot;0&quot;,&quot;iso&quot;:&quot;0&quot;,&quot;shutter_speed&quot;:&quot;0&quot;,&quot;title&quot;:&quot;&quot;,&quot;orientation&quot;:&quot;0&quot;}\" data-image-title=\"Chesterton &amp;#8211; Els arbres de l&amp;#8217;orgull\" data-image-description=\"&lt;p&gt;Chesterton &amp;#8211; Els arbres de l&amp;#8217;orgull&lt;\/p&gt;\n\" data-image-caption=\"&lt;p&gt;Chesterton &amp;#8211; Els arbres de l&amp;#8217;orgull&lt;\/p&gt;\n\" data-large-file=\"https:\/\/i0.wp.com\/crater.cat\/wp-content\/uploads\/2022\/02\/portada-ARBRES-DE-LORGULL_BAIXA-webp.webp?fit=643%2C1024&amp;ssl=1\" \/><\/div>\n\t\t\t\t\t<div class=\"wc-block-grid__product-title\">Els arbres de l&#8217;orgull<\/div>\n\t\t\t\t<\/a>\n\t\t\t\t<div class=\"wc-block-grid__product-price price\"><span class=\"woocommerce-Price-amount amount\" aria-hidden=\"true\">11,00<span class=\"woocommerce-Price-currencySymbol\">&euro;<\/span><\/span> <span aria-hidden=\"true\">&ndash;<\/span> <span class=\"woocommerce-Price-amount amount\" aria-hidden=\"true\">14,50<span class=\"woocommerce-Price-currencySymbol\">&euro;<\/span><\/span><span class=\"screen-reader-text\">Interval de preus: 11,00&euro; a 14,50&euro;<\/span><\/div>\n\t\t\t\t\n\t\t\t\t\n\t\t\t<\/li><li class=\"wc-block-grid__product\">\n\t\t\t\t<a href=\"https:\/\/crater.cat\/index.php\/producte\/contes-de-la-becada-de-guy-de-maupassant\/\" class=\"wc-block-grid__product-link\">\n\t\t\t\t\t\n\t\t\t\t\t<div class=\"wc-block-grid__product-image\"><img loading=\"lazy\" decoding=\"async\" width=\"817\" height=\"1299\" src=\"https:\/\/i0.wp.com\/crater.cat\/wp-content\/uploads\/2021\/08\/COBERTA-CONTES-DE-LA-BECADA-webp.webp?fit=817%2C1299&amp;ssl=1\" class=\"attachment-woocommerce_thumbnail size-woocommerce_thumbnail\" alt=\"Guy de Maupassant - Contes de la becada\" srcset=\"https:\/\/i0.wp.com\/crater.cat\/wp-content\/uploads\/2021\/08\/COBERTA-CONTES-DE-LA-BECADA-webp.webp?w=817&amp;ssl=1 817w, https:\/\/i0.wp.com\/crater.cat\/wp-content\/uploads\/2021\/08\/COBERTA-CONTES-DE-LA-BECADA-webp.webp?resize=189%2C300&amp;ssl=1 189w, https:\/\/i0.wp.com\/crater.cat\/wp-content\/uploads\/2021\/08\/COBERTA-CONTES-DE-LA-BECADA-webp.webp?resize=644%2C1024&amp;ssl=1 644w, https:\/\/i0.wp.com\/crater.cat\/wp-content\/uploads\/2021\/08\/COBERTA-CONTES-DE-LA-BECADA-webp.webp?resize=94%2C150&amp;ssl=1 94w, https:\/\/i0.wp.com\/crater.cat\/wp-content\/uploads\/2021\/08\/COBERTA-CONTES-DE-LA-BECADA-webp.webp?resize=768%2C1221&amp;ssl=1 768w\" sizes=\"auto, (max-width: 817px) 100vw, 817px\" data-attachment-id=\"2057\" data-permalink=\"https:\/\/crater.cat\/?attachment_id=2057\" data-orig-file=\"https:\/\/i0.wp.com\/crater.cat\/wp-content\/uploads\/2021\/08\/COBERTA-CONTES-DE-LA-BECADA-webp.webp?fit=817%2C1299&amp;ssl=1\" data-orig-size=\"817,1299\" data-comments-opened=\"1\" data-image-meta=\"{&quot;aperture&quot;:&quot;0&quot;,&quot;credit&quot;:&quot;&quot;,&quot;camera&quot;:&quot;&quot;,&quot;caption&quot;:&quot;&quot;,&quot;created_timestamp&quot;:&quot;0&quot;,&quot;copyright&quot;:&quot;&quot;,&quot;focal_length&quot;:&quot;0&quot;,&quot;iso&quot;:&quot;0&quot;,&quot;shutter_speed&quot;:&quot;0&quot;,&quot;title&quot;:&quot;&quot;,&quot;orientation&quot;:&quot;0&quot;}\" data-image-title=\"Guy de Maupassant &amp;#8211; Contes de la becada\u00ba\" data-image-description=\"&lt;p&gt;Guy de Maupassant &amp;#8211; Contes de la becada&lt;\/p&gt;\n\" data-image-caption=\"&lt;p&gt;Guy de Maupassant &amp;#8211; Contes de la becada&lt;\/p&gt;\n\" data-large-file=\"https:\/\/i0.wp.com\/crater.cat\/wp-content\/uploads\/2021\/08\/COBERTA-CONTES-DE-LA-BECADA-webp.webp?fit=644%2C1024&amp;ssl=1\" \/><\/div>\n\t\t\t\t\t<div class=\"wc-block-grid__product-title\">Contes de la becada<\/div>\n\t\t\t\t<\/a>\n\t\t\t\t<div class=\"wc-block-grid__product-price price\"><span class=\"woocommerce-Price-amount amount\" aria-hidden=\"true\">12,50<span class=\"woocommerce-Price-currencySymbol\">&euro;<\/span><\/span> <span aria-hidden=\"true\">&ndash;<\/span> <span class=\"woocommerce-Price-amount amount\" aria-hidden=\"true\">16,50<span class=\"woocommerce-Price-currencySymbol\">&euro;<\/span><\/span><span class=\"screen-reader-text\">Interval de preus: 12,50&euro; a 16,50&euro;<\/span><\/div>\n\t\t\t\t\n\t\t\t\t\n\t\t\t<\/li><\/ul><\/div><\/div>\n\n\n\n<div class=\"wp-block-column is-layout-flow wp-block-column-is-layout-flow\" style=\"flex-basis:33.33%\">\n<p>El relat, el conte o la novel\u00b7la curta ha estat sempre terreny de la concisi\u00f3 i l\u2019ast\u00facia. Anomenada <strong>renart<\/strong> en els llibres de Ramon Llull, la guineu, rabosa o guilla \u00e9s la personificaci\u00f3 faul\u00edstica d\u2019aquest arquetip, la que sap treure profit de les batalles entre els animals m\u00e9s grans, la que aprofita distraccions i ensopegades, la que roba sense ser vista, la que \u00e9s m\u00e9s \u00e0gil i la que se sap amagar millor, la que surt per all\u00e0 on ning\u00fa ho espera, la que acaba esmunyint-se per aquell indret que no semblava que podia arribar a passar. La renart \u00e9s m\u00farria com els relats curts, t\u00e9 el morro fi i les dents esmolades, les potes curtes, el cos flexible, sap fer manyagues a aquells qui estima per\u00f2 treu una mal\u00edcia retor\u00e7ada quan ho necessita.<\/p>\n<\/div>\n<\/div>\n","protected":false},"excerpt":{"rendered":"<p>El relat, el conte o la novel\u00b7la curta ha estat sempre terreny de la concisi\u00f3 i l\u2019ast\u00facia. Anomenada renart en els llibres de Ramon Llull, la guineu, rabosa o guilla \u00e9s la personificaci\u00f3 faul\u00edstica d\u2019aquest arquetip, la que sap treure [&hellip;]<\/p>\n","protected":false},"author":1,"featured_media":0,"parent":0,"menu_order":0,"comment_status":"closed","ping_status":"closed","template":"","meta":{"cybocfi_hide_featured_image":"","footnotes":""},"class_list":["post-40","page","type-page","status-publish","hentry"],"aioseo_notices":[],"jetpack_sharing_enabled":false,"jetpack-related-posts":[{"id":189,"url":"https:\/\/crater.cat\/index.php\/colleccions\/","url_meta":{"origin":40,"position":0},"title":"Col\u00b7leccions","author":"Edicions del Cr\u00e0ter","date":"15\/08\/2021","format":false,"excerpt":"[vc_row][vc_column][vc_column_text] Les col\u00b7leccions d\u2019Edicions del Cr\u00e0ter\u00a0s\u00f3n: Col\u00b7lecci\u00f3 Renart\u00a0de contes i relats curts: \u00a0 Col\u00b7lecci\u00f3 Magnetar\u00a0d\u2019escrits autobiogr\u00e0fics (cartes, diaris, cr\u00f2niques, viatges i novel\u00b7les autobiogr\u00e0fiques): \u00a0 Properament, comen\u00e7arem la col\u00b7lecci\u00f3 Mirall de novel\u00b7la. Aqu\u00ed podeu descarregar-vos el cat\u00e0leg d'Edicions del Cr\u00e0ter. \u00a0 \u00a0 \u00a0 [\/vc_column_text][\/vc_column][\/vc_row][vc_row][vc_column][\/vc_column][\/vc_row]","rel":"","context":"Entrada similar","block_context":{"text":"Entrada similar","link":""},"img":{"alt_text":"","src":"https:\/\/i0.wp.com\/crater.cat\/wp-content\/uploads\/2021\/09\/Crater-simbol-mida5.jpg?resize=350%2C200&ssl=1","width":350,"height":200,"srcset":"https:\/\/i0.wp.com\/crater.cat\/wp-content\/uploads\/2021\/09\/Crater-simbol-mida5.jpg?resize=350%2C200&ssl=1 1x, https:\/\/i0.wp.com\/crater.cat\/wp-content\/uploads\/2021\/09\/Crater-simbol-mida5.jpg?resize=525%2C300&ssl=1 1.5x"},"classes":[]},{"id":42,"url":"https:\/\/crater.cat\/index.php\/magnetar\/","url_meta":{"origin":40,"position":1},"title":"Magnetar","author":"Edicions del Cr\u00e0ter","date":"07\/04\/2021","format":false,"excerpt":"Les vides de les grans persones tenen un poder magn\u00e8tic que ens captiva l\u2019atenci\u00f3 i ens arrossega a voler saber m\u00e9s coses d\u2019elles, volem saber qu\u00e8 pensaven en la seva intimitat i viatjar al seient de darrere el seu cotxe, volem entrar a casa seva, viure amb ells l\u2019amor, el\u2026","rel":"","context":"Entrada similar","block_context":{"text":"Entrada similar","link":""},"img":{"alt_text":"","src":"","width":0,"height":0},"classes":[]},{"id":107,"url":"https:\/\/crater.cat\/index.php\/qui-som\/","url_meta":{"origin":40,"position":2},"title":"El cr\u00e0ter","author":"Edicions del Cr\u00e0ter","date":"12\/08\/2021","format":false,"excerpt":"Edicions del Cr\u00e0ter \u00e9s un projecte independent que neix per publicar llibres en catal\u00e0, ja siguin traduccions com autors del pa\u00eds, d\u2019autors que han deixat una empremta en la hist\u00f2ria de les lletres i que segueixen dialogant amb el nostre present. La voluntat \u00e9s fer-ho amb un catal\u00e0 contemporani que\u2026","rel":"","context":"Entrada similar","block_context":{"text":"Entrada similar","link":""},"img":{"alt_text":"","src":"https:\/\/i0.wp.com\/crater.cat\/wp-content\/uploads\/2021\/09\/Crater-logo-V2L-C-AAFF-5.jpg?resize=350%2C200&ssl=1","width":350,"height":200,"srcset":"https:\/\/i0.wp.com\/crater.cat\/wp-content\/uploads\/2021\/09\/Crater-logo-V2L-C-AAFF-5.jpg?resize=350%2C200&ssl=1 1x, https:\/\/i0.wp.com\/crater.cat\/wp-content\/uploads\/2021\/09\/Crater-logo-V2L-C-AAFF-5.jpg?resize=525%2C300&ssl=1 1.5x, https:\/\/i0.wp.com\/crater.cat\/wp-content\/uploads\/2021\/09\/Crater-logo-V2L-C-AAFF-5.jpg?resize=700%2C400&ssl=1 2x, https:\/\/i0.wp.com\/crater.cat\/wp-content\/uploads\/2021\/09\/Crater-logo-V2L-C-AAFF-5.jpg?resize=1050%2C600&ssl=1 3x"},"classes":[]},{"id":3,"url":"https:\/\/crater.cat\/index.php\/privacy-policy\/","url_meta":{"origin":40,"position":3},"title":"Pol\u00edtica de privadesa","author":"Edicions del Cr\u00e0ter","date":"07\/04\/2021","format":false,"excerpt":"De conformitat amb el Reglament Europeu 2016\/679 (RGPD) del Parlament Europeu i del Consell de 27 d'abril de 2016 relatiu a la protecci\u00f3 de les persones f\u00edsiques pel que fa al tractament de dades personals i a la lliure circulaci\u00f3 d'aquestes dades, i la LLei 3\/2018 (LOPD-GDD) de Protecci\u00f3 de\u2026","rel":"","context":"Entrada similar","block_context":{"text":"Entrada similar","link":""},"img":{"alt_text":"","src":"","width":0,"height":0},"classes":[]},{"id":2985,"url":"https:\/\/crater.cat\/index.php\/declaracio-ecologica\/","url_meta":{"origin":40,"position":4},"title":"Declaraci\u00f3 ecol\u00f2gica","author":"Edicions del Cr\u00e0ter","date":"15\/02\/2025","format":false,"excerpt":"A Edicions del Cr\u00e0ter, estem compromesos amb la sostenibilitat i el respecte pel medi ambient. Per aix\u00f2, els nostres llibres estan impresos en paper amb certificaci\u00f3 PEFC (Programme for the Endorsement of Forest Certification), una garantia que prov\u00e9 de boscos gestionats de manera responsable i de fonts controlades. Aquesta certificaci\u00f3\u2026","rel":"","context":"Entrada similar","block_context":{"text":"Entrada similar","link":""},"img":{"alt_text":"","src":"","width":0,"height":0},"classes":[]},{"id":226,"url":"https:\/\/crater.cat\/index.php\/reemborsaments_devolucions\/","url_meta":{"origin":40,"position":5},"title":"Pol\u00edtica de reemborsaments i devolucions","author":"Edicions del Cr\u00e0ter","date":"27\/10\/2021","format":false,"excerpt":"Les comandes es poden cancel\u00b7lar sense cap cost fins al moment en que l\u2019enviament es fa efectiu. Si rebem av\u00eds de cancel\u00b7laci\u00f3 un cop el paquet ja estigui enviat, es considerar\u00e0 una devoluci\u00f3. Edicions del Crater, SCP accepta les devolucions sota les condicions seg\u00fcents: Les devolucions poden fer-se fins a\u2026","rel":"","context":"Entrada similar","block_context":{"text":"Entrada similar","link":""},"img":{"alt_text":"","src":"","width":0,"height":0},"classes":[]}],"jetpack_shortlink":"https:\/\/wp.me\/PcY4IF-E","_links":{"self":[{"href":"https:\/\/crater.cat\/index.php\/wp-json\/wp\/v2\/pages\/40","targetHints":{"allow":["GET"]}}],"collection":[{"href":"https:\/\/crater.cat\/index.php\/wp-json\/wp\/v2\/pages"}],"about":[{"href":"https:\/\/crater.cat\/index.php\/wp-json\/wp\/v2\/types\/page"}],"author":[{"embeddable":true,"href":"https:\/\/crater.cat\/index.php\/wp-json\/wp\/v2\/users\/1"}],"replies":[{"embeddable":true,"href":"https:\/\/crater.cat\/index.php\/wp-json\/wp\/v2\/comments?post=40"}],"version-history":[{"count":7,"href":"https:\/\/crater.cat\/index.php\/wp-json\/wp\/v2\/pages\/40\/revisions"}],"predecessor-version":[{"id":1530,"href":"https:\/\/crater.cat\/index.php\/wp-json\/wp\/v2\/pages\/40\/revisions\/1530"}],"wp:attachment":[{"href":"https:\/\/crater.cat\/index.php\/wp-json\/wp\/v2\/media?parent=40"}],"curies":[{"name":"wp","href":"https:\/\/api.w.org\/{rel}","templated":true}]}}