{"id":2556,"date":"2024-06-20T13:19:25","date_gmt":"2024-06-20T11:19:25","guid":{"rendered":"https:\/\/crater.cat\/?post_type=product&#038;p=2556"},"modified":"2024-09-05T12:48:09","modified_gmt":"2024-09-05T10:48:09","slug":"del-born-al-plata","status":"publish","type":"product","link":"https:\/\/crater.cat\/index.php\/producte\/del-born-al-plata\/","title":{"rendered":"Del Born al Plata"},"content":{"rendered":"<p style=\"text-align: left;\">Autor: Santiago Rusi\u00f1ol<\/p>\n<p style=\"text-align: left;\">Col\u00b7lecci\u00f3 Magnetar<\/p>\n<p style=\"text-align: left;\">Mides: 130 x 210<\/p>\n<p style=\"text-align: left;\">N\u00ba de p\u00e0gines: 232<\/p>\n<p style=\"text-align: left;\">ISBN: 9788412828610<\/p>\n<p style=\"text-align: left;\">1a edici\u00f3: juliol de 2024<\/p>\n","protected":false},"excerpt":{"rendered":"<p>L\u2019any 1910 Santiago Rusi\u00f1ol s\u2019embarca en un transatl\u00e0ntic en direcci\u00f3 a l\u2019Argentina, que celebra el centenari de la seva independ\u00e8ncia. Hi viatja carregat de quadres, que t\u00e9 la intenci\u00f3 de vendre, i com a dramaturg, acompanyat del seu amic i actor Enric Borr\u00e0s, que estrena representacions a Buenos Aires. Des de les ribes del Plata, Rusi\u00f1ol descriu una naci\u00f3 que pren forma i que bull amb l\u2019encaix de civilitzacions i tradicions. I \u00e9s amb la festa de la seva veu ir\u00f2nica i trempada que, en aquests articles burlescos enviats a L\u2019Esquella de la Torratxa, no nom\u00e9s fa gala de la seva facilitat per la s\u00e0tira, sin\u00f3 que tamb\u00e9 s\u2019hi entreveu un home de m\u00f3n amb capacitat per entendre el rumb que est\u00e0 prenent el tot just iniciat segle XX. Despr\u00e9s de fer escala al Brasil, Rusi\u00f1ol arriba a Buenos Aires, on es desenvolupa la major part d\u2019un viatge que el dur\u00e0 a explorar La Pampa i a visitar Rosario, Tucum\u00e1n o Montevideo. Aquesta travessia \u00e9s la m\u00e9s llarga que va emprendre una de les principals figures del modernisme i de la qual en van sortir aquests escrits de viatge que es compten entre els m\u00e9s incisius de la literatura catalana.<\/p>\n<p>&nbsp;<\/p>\n<hr \/>\n<p>&nbsp;<\/p>\n<p><strong><em>Enviament gratu\u00eft. Rebreu el producte en un termini d&#8217;entre 2 dies i una setmana.<\/em><\/strong><\/p>\n","protected":false},"author":3,"featured_media":2557,"template":"","meta":{"cybocfi_hide_featured_image":"yes","jetpack_publicize_message":"","jetpack_publicize_feature_enabled":true,"jetpack_social_post_already_shared":true,"jetpack_social_options":{"image_generator_settings":{"template":"highway","default_image_id":0,"font":"","enabled":false},"version":2}},"product_brand":[],"product_cat":[21],"product_tag":[],"ppma_author":[100],"class_list":{"0":"post-2556","1":"product","2":"type-product","3":"status-publish","4":"has-post-thumbnail","6":"product_cat-magnetar","8":"first","9":"instock","10":"shipping-taxable","11":"purchasable","12":"product-type-simple"},"aioseo_notices":[],"jetpack_publicize_connections":[],"jetpack_sharing_enabled":true,"jetpack-related-posts":[{"id":1863,"url":"https:\/\/crater.cat\/index.php\/producte\/com-em-vaig-escapar-de-la-preso-de-venecia-la-meva-fuga-dels-ploms\/","url_meta":{"origin":2556,"position":0},"title":"Com em vaig escapar de la pres\u00f3 de Ven\u00e8cia","author":"Edicions del Cr\u00e0ter","date":"16\/10\/2023","format":false,"excerpt":"La meva fuga d'Els Ploms Amb trenta anys, Giacomo Casanova \u00e9s detingut per heretgia a Ven\u00e8cia i tancat a Els Ploms, la pres\u00f3 del Palau Ducal. Quan compr\u00e8n que no en ser\u00e0 alliberat aviat, centra tota l\u2019energia a idear una forma de fugir-ne. Aquesta \u00e9s la hist\u00f2ria d\u2019alg\u00fa que encara\u2026","rel":"","context":"Entrada similar","block_context":{"text":"Entrada similar","link":""},"img":{"alt_text":"Giacomo Casanova Ven\u00e8cia Ploms","src":"https:\/\/i0.wp.com\/crater.cat\/wp-content\/uploads\/2024\/03\/3-AAFF-COB-FUGIDA-PRESO-Casanova_baixa.webp?fit=755%2C1200&ssl=1&resize=350%2C200","width":350,"height":200,"srcset":"https:\/\/i0.wp.com\/crater.cat\/wp-content\/uploads\/2024\/03\/3-AAFF-COB-FUGIDA-PRESO-Casanova_baixa.webp?fit=755%2C1200&ssl=1&resize=350%2C200 1x, https:\/\/i0.wp.com\/crater.cat\/wp-content\/uploads\/2024\/03\/3-AAFF-COB-FUGIDA-PRESO-Casanova_baixa.webp?fit=755%2C1200&ssl=1&resize=525%2C300 1.5x, https:\/\/i0.wp.com\/crater.cat\/wp-content\/uploads\/2024\/03\/3-AAFF-COB-FUGIDA-PRESO-Casanova_baixa.webp?fit=755%2C1200&ssl=1&resize=700%2C400 2x"},"classes":[]},{"id":145,"url":"https:\/\/crater.cat\/index.php\/producte\/contes-de-la-becada-de-guy-de-maupassant\/","url_meta":{"origin":2556,"position":1},"title":"Contes de la becada","author":"Edicions del Cr\u00e0ter","date":"15\/08\/2021","format":false,"excerpt":"La qualitat m\u00e9s lloada de Maupassant \u00e9s la frase senzilla, feta aparentment sense esfor\u00e7, que pinta personatges que prenen vida amb una economia verbal sorprenent. Els Contes de la becada en s\u00f3n un exemple perfecte, un dibuix n\u00edtid dels paisatges i els habitants de la Normandia natal de l\u2019escriptor, del\u2026","rel":"","context":"Entrada similar","block_context":{"text":"Entrada similar","link":""},"img":{"alt_text":"Guy de Maupassant - Contes de la becada","src":"https:\/\/i0.wp.com\/crater.cat\/wp-content\/uploads\/2021\/08\/COBERTA-CONTES-DE-LA-BECADA-webp.webp?fit=755%2C1200&ssl=1&resize=350%2C200","width":350,"height":200,"srcset":"https:\/\/i0.wp.com\/crater.cat\/wp-content\/uploads\/2021\/08\/COBERTA-CONTES-DE-LA-BECADA-webp.webp?fit=755%2C1200&ssl=1&resize=350%2C200 1x, https:\/\/i0.wp.com\/crater.cat\/wp-content\/uploads\/2021\/08\/COBERTA-CONTES-DE-LA-BECADA-webp.webp?fit=755%2C1200&ssl=1&resize=525%2C300 1.5x, https:\/\/i0.wp.com\/crater.cat\/wp-content\/uploads\/2021\/08\/COBERTA-CONTES-DE-LA-BECADA-webp.webp?fit=755%2C1200&ssl=1&resize=700%2C400 2x"},"classes":[]}],"_links":{"self":[{"href":"https:\/\/crater.cat\/index.php\/wp-json\/wp\/v2\/product\/2556","targetHints":{"allow":["GET"]}}],"collection":[{"href":"https:\/\/crater.cat\/index.php\/wp-json\/wp\/v2\/product"}],"about":[{"href":"https:\/\/crater.cat\/index.php\/wp-json\/wp\/v2\/types\/product"}],"author":[{"embeddable":true,"href":"https:\/\/crater.cat\/index.php\/wp-json\/wp\/v2\/users\/3"}],"wp:featuredmedia":[{"embeddable":true,"href":"https:\/\/crater.cat\/index.php\/wp-json\/wp\/v2\/media\/2557"}],"wp:attachment":[{"href":"https:\/\/crater.cat\/index.php\/wp-json\/wp\/v2\/media?parent=2556"}],"wp:term":[{"taxonomy":"product_brand","embeddable":true,"href":"https:\/\/crater.cat\/index.php\/wp-json\/wp\/v2\/product_brand?post=2556"},{"taxonomy":"product_cat","embeddable":true,"href":"https:\/\/crater.cat\/index.php\/wp-json\/wp\/v2\/product_cat?post=2556"},{"taxonomy":"product_tag","embeddable":true,"href":"https:\/\/crater.cat\/index.php\/wp-json\/wp\/v2\/product_tag?post=2556"},{"taxonomy":"author","embeddable":true,"href":"https:\/\/crater.cat\/index.php\/wp-json\/wp\/v2\/ppma_author?post=2556"}],"curies":[{"name":"wp","href":"https:\/\/api.w.org\/{rel}","templated":true}]}}